{"id":11707,"date":"2021-01-04T09:17:02","date_gmt":"2021-01-04T08:17:02","guid":{"rendered":"https:\/\/clesheo.pl\/?post_type=product&#038;p=11707"},"modified":"2024-03-21T16:00:46","modified_gmt":"2024-03-21T15:00:46","slug":"album-dziecka-z-imieniem-na-okladce-wianek","status":"publish","type":"product","link":"https:\/\/clesheo.pl\/en\/shop\/album-dziecka-z-imieniem-na-okladce-wianek\/","title":{"rendered":"Album dziecka z imieniem na ok\u0142adce &#8211; Wianek"},"content":{"rendered":"<p>Album dziecka w nowoczesnym i minimalistycznym wydaniu. Niew\u0105tpliwie wielk\u0105 zalet\u0105 wyr\u00f3\u017cniaj\u0105c\u0105 t\u0119 kronik\u0119 dla dziecka jest ozdobna be\u017cowa czcionka.<\/p>\n<h6><strong>WYMIARY\u00a0<\/strong><\/h6>\n<p>Przed Tob\u0105 prawdopodobnie<em>\u00a0<\/em>jeden z najwi\u0119kszych album\u00f3w\u00a0 jakie dost\u0119pne s\u0105 na rynku \u2013 wymiary albumu to 30cm na 30cm.<\/p>\n<h6><strong>PERSONALIZACJA<\/strong><\/h6>\n<p>Ze wzgl\u0119du na fakt, \u017ce na ok\u0142adce zostanie nadrukowane imi\u0119 dziecka, ten pierwszy album dziecka b\u0119dzie jedyny w swoim rodzaju i z pewno\u015bci\u0105 mo\u017ce sta\u0107 si\u0119 wspania\u0142ym i oryginalnym prezentem.<\/p>\n<h6><strong>KLASYKA I PONADCZASOWY STYL<\/strong><\/h6>\n<p>W przeciwie\u0144stwie do innych tego rodzaju produkt\u00f3w, nasz album nie zawiera infantylnej grafiki, tre\u015b\u0107 ozdobiona zosta\u0142a delikatn\u0105 grafik\u0105 w kolorach ziemi.<\/p>\n<h6><strong>TRE\u015a\u0106<\/strong><\/h6>\n<p>W kronice znajduj\u0105 si\u0119 miejsca wyznaczone na wpisy oraz zdj\u0119cia.\u00a0 Ten pami\u0119tnik dla dziecka jest odpowiedni zar\u00f3wno dla ch\u0142opca jak i dziewczynki.<\/p>\n<p><strong>SPIS TRE\u015aCI:<\/strong><\/p>\n<p>Moi rodzice<\/p>\n<p>W brzuszku mamy<\/p>\n<p>Moje narodziny<\/p>\n<p>\u015awiat w dniu moich narodzin<\/p>\n<p>Pierwsze dni w domku<\/p>\n<p>Miesi\u0105ce 1-11<\/p>\n<p>M\u00f3j pierwszy raz<\/p>\n<p>Moje pierwsze posi\u0142ki<\/p>\n<p>\u015alady<\/p>\n<p>Pory roku<\/p>\n<p>Moja pierwsza Gwiazdka<\/p>\n<p>Moje pierwsze wakacje<\/p>\n<p>Moje pierwsze urodziny<\/p>\n<p>Mam ju\u017c rok<\/p>\n<p>Dwa latka<\/p>\n<p>Trzy lata<\/p>\n<p>Cztery lata<\/p>\n<p>Mam pi\u0119\u0107 lat<\/p>\n<p>R\u00f3\u017cne ciekawostki z mojego \u017cycia<\/p>\n<h6><strong>SZUKASZ PREZENTU IDEALNEGO?<\/strong><\/h6>\n<p>Je\u015bli album ma by\u0107 prezentem dla bliskiej Ci osoby, kt\u00f3ra oczekuje dziecka, a Ty nie jeste\u015b do ko\u0144ca pewna, kt\u00f3ra kronika dla maluszka najbardziej ucieszy przysz\u0142\u0105 mam\u0119, mo\u017cesz rozwa\u017cy\u0107 mo\u017cliwo\u015b\u0107 ofiarowania w prezencie bonu podarunkowego, co niew\u0105tpliwie u\u0142atwi Ci zadanie. Bon podarunkowy kupisz tu\u00a0\u00a0<a href=\"https:\/\/clesheo.pl\/shop\/e-karta-podarunkowa-2\/\">https:\/\/clesheo.pl\/shop\/e-karta-podarunkowa-2\/<\/a><\/p>\n<h6><strong>INNE KRONIKI I PREZENTY DLA DZIECI<\/strong><\/h6>\n<p>Zobacz te\u017c pozosta\u0142e albumy dla noworodk\u00f3w dost\u0119pne w naszym sklepie online\u00a0<a href=\"https:\/\/clesheo.pl\/product-category\/pamietniki\/\">https:\/\/clesheo.pl\/product-category\/pamietniki\/<\/a><\/p>\n<h6><strong>CZAS REALIZACJI ZAM\u00d3WIENIA<\/strong><\/h6>\n<p>7-10 dni roboczych + wysy\u0142ka.<\/p>\n<p>Prosimy o dokonywanie przemy\u015blanych zakup\u00f3w \u2013 ze wzgl\u0119du na fakt, \u017ce produkty personalizowane tworzone s\u0105 na zam\u00f3wienie \u2013 nie podlegaj\u0105 zwrotom.<\/p>\n<p>Album dziecka w nowoczesnym i minimalistycznym wydaniu, 78 stron, ozdobna czcionka w kolorze be\u017cowym. Ok\u0142adka z motywem malowanego akwarelami wianka.\u00a0 J\u0119zyk: polski, twarda oprawa, ok\u0142adka b\u0142yszcz\u0105ca lub matowa, mo\u017cliwo\u015b\u0107 uszlachetnienia ok\u0142adki poprzez watowanie (pogrubienie ok\u0142adki). Imi\u0119 dziecka nale\u017cy wpisa\u0107 w Uwagach do zam\u00f3wienia. Czas realizacji: 7-10 dni roboczych + wysy\u0142ka. Prosimy o dokonywanie przemy\u015blanych zakup\u00f3w &#8211; produkty personalizowane tworzone s\u0105 na zam\u00f3wienie i nie podlegaj\u0105 zwrotom.<\/p>\n<p>&nbsp;<\/p>\n<p>&nbsp;<\/p>\n","protected":false},"excerpt":{"rendered":"<div class=\"item item-6\">\n<p>Album dziecka, kt\u00f3ry pomaga w uchwyceniu najwa\u017cniejszych wspomnie\u0144 i moment\u00f3w z pierwszego i drugiego roku \u017cycia. Imi\u0119 Twojego dziecka na ok\u0142adce!<\/p>\n<\/div>\n","protected":false},"featured_media":11714,"comment_status":"open","ping_status":"closed","template":"","meta":[],"product_brand":[],"product_cat":[],"product_tag":[229,232,154,235,236,234,131,226,124,122,132,159,147],"class_list":{"0":"post-11707","1":"product","2":"type-product","3":"status-publish","4":"has-post-thumbnail","6":"product_tag-album-dla-dziecka","7":"product_tag-album-dla-noworodka","8":"product_tag-album-dziecka","9":"product_tag-album-noworodka","10":"product_tag-album-wspomnien-dziecka","11":"product_tag-albumy-dla-dzieci","12":"product_tag-kronika-dziecka","13":"product_tag-oh-baby","14":"product_tag-pamietnik-dziecka","15":"product_tag-pierwszy-album-dziecka","16":"product_tag-prezent-na-baby-shower","17":"product_tag-prezent-na-chrzest","18":"product_tag-wyprawka","20":"first","21":"instock","22":"shipping-taxable","23":"purchasable","24":"product-type-variable"},"yoast_head":"<!-- This site is optimized with the Yoast SEO plugin v23.6 - https:\/\/yoast.com\/wordpress\/plugins\/seo\/ -->\n<title>Album dziecka z imieniem na ok\u0142adce - Wianek<\/title>\n<meta name=\"description\" content=\"Album dziecka z imieniem na ok\u0142adce, minimalistyczny, nowoczesny. Kronika dla ch\u0142opca i dziewczynki z miejscem na spisywanie wspomnie\u0144 i wlejanie zdj\u0119\u0107\" \/>\n<meta name=\"robots\" content=\"index, follow, max-snippet:-1, max-image-preview:large, max-video-preview:-1\" \/>\n<link rel=\"canonical\" href=\"https:\/\/clesheo.pl\/en\/shop\/album-dziecka-z-imieniem-na-okladce-wianek\/\" \/>\n<meta property=\"og:locale\" content=\"en_US\" \/>\n<meta property=\"og:locale:alternate\" content=\"pl_PL\" \/>\n<meta property=\"og:type\" content=\"article\" \/>\n<meta property=\"og:title\" content=\"Album dziecka z imieniem na ok\u0142adce - Wianek\" \/>\n<meta property=\"og:description\" content=\"Album dziecka z imieniem na ok\u0142adce, minimalistyczny, nowoczesny. Kronika dla ch\u0142opca i dziewczynki z miejscem na spisywanie wspomnie\u0144 i wlejanie zdj\u0119\u0107\" \/>\n<meta property=\"og:url\" content=\"https:\/\/clesheo.pl\/en\/shop\/album-dziecka-z-imieniem-na-okladce-wianek\/\" \/>\n<meta property=\"og:site_name\" content=\"Clesheo\" \/>\n<meta property=\"article:modified_time\" content=\"2024-03-21T15:00:46+00:00\" \/>\n<meta property=\"og:image\" content=\"https:\/\/clesheo.pl\/wp-content\/uploads\/2021\/01\/IMG_5436-1-scaled-e1609748714404.jpg\" \/>\n\t<meta property=\"og:image:width\" content=\"1826\" \/>\n\t<meta property=\"og:image:height\" content=\"2560\" \/>\n\t<meta property=\"og:image:type\" content=\"image\/jpeg\" \/>\n<meta name=\"twitter:card\" content=\"summary_large_image\" \/>\n<meta name=\"twitter:label1\" content=\"Est. reading time\" \/>\n\t<meta name=\"twitter:data1\" content=\"2 minutes\" \/>\n<script type=\"application\/ld+json\" class=\"yoast-schema-graph\">{\"@context\":\"https:\/\/schema.org\",\"@graph\":[{\"@type\":\"WebPage\",\"@id\":\"https:\/\/clesheo.pl\/en\/shop\/album-dziecka-z-imieniem-na-okladce-wianek\/\",\"url\":\"https:\/\/clesheo.pl\/en\/shop\/album-dziecka-z-imieniem-na-okladce-wianek\/\",\"name\":\"Album dziecka z imieniem na ok\u0142adce - Wianek\",\"isPartOf\":{\"@id\":\"https:\/\/clesheo.pl\/#website\"},\"primaryImageOfPage\":{\"@id\":\"https:\/\/clesheo.pl\/en\/shop\/album-dziecka-z-imieniem-na-okladce-wianek\/#primaryimage\"},\"image\":{\"@id\":\"https:\/\/clesheo.pl\/en\/shop\/album-dziecka-z-imieniem-na-okladce-wianek\/#primaryimage\"},\"thumbnailUrl\":\"https:\/\/clesheo.pl\/wp-content\/uploads\/2021\/01\/IMG_5436-1-scaled-e1609748714404.jpg\",\"datePublished\":\"2021-01-04T08:17:02+00:00\",\"dateModified\":\"2024-03-21T15:00:46+00:00\",\"description\":\"Album dziecka z imieniem na ok\u0142adce, minimalistyczny, nowoczesny. Kronika dla ch\u0142opca i dziewczynki z miejscem na spisywanie wspomnie\u0144 i wlejanie zdj\u0119\u0107\",\"breadcrumb\":{\"@id\":\"https:\/\/clesheo.pl\/en\/shop\/album-dziecka-z-imieniem-na-okladce-wianek\/#breadcrumb\"},\"inLanguage\":\"en-US\",\"potentialAction\":[{\"@type\":\"ReadAction\",\"target\":[\"https:\/\/clesheo.pl\/en\/shop\/album-dziecka-z-imieniem-na-okladce-wianek\/\"]}]},{\"@type\":\"ImageObject\",\"inLanguage\":\"en-US\",\"@id\":\"https:\/\/clesheo.pl\/en\/shop\/album-dziecka-z-imieniem-na-okladce-wianek\/#primaryimage\",\"url\":\"https:\/\/clesheo.pl\/wp-content\/uploads\/2021\/01\/IMG_5436-1-scaled-e1609748714404.jpg\",\"contentUrl\":\"https:\/\/clesheo.pl\/wp-content\/uploads\/2021\/01\/IMG_5436-1-scaled-e1609748714404.jpg\",\"width\":1826,\"height\":2560,\"caption\":\"Clesheo album dziecka wianek\"},{\"@type\":\"BreadcrumbList\",\"@id\":\"https:\/\/clesheo.pl\/en\/shop\/album-dziecka-z-imieniem-na-okladce-wianek\/#breadcrumb\",\"itemListElement\":[{\"@type\":\"ListItem\",\"position\":1,\"name\":\"Strona g\u0142\u00f3wna\",\"item\":\"https:\/\/clesheo.pl\/\"},{\"@type\":\"ListItem\",\"position\":2,\"name\":\"Sklep\",\"item\":\"https:\/\/clesheo.pl\/sklep\/\"},{\"@type\":\"ListItem\",\"position\":3,\"name\":\"Album dziecka z imieniem na ok\u0142adce &#8211; Wianek\"}]},{\"@type\":\"WebSite\",\"@id\":\"https:\/\/clesheo.pl\/#website\",\"url\":\"https:\/\/clesheo.pl\/\",\"name\":\"Clesheo\",\"description\":\"\",\"potentialAction\":[{\"@type\":\"SearchAction\",\"target\":{\"@type\":\"EntryPoint\",\"urlTemplate\":\"https:\/\/clesheo.pl\/?s={search_term_string}\"},\"query-input\":{\"@type\":\"PropertyValueSpecification\",\"valueRequired\":true,\"valueName\":\"search_term_string\"}}],\"inLanguage\":\"en-US\"}]}<\/script>\n<!-- \/ Yoast SEO plugin. -->","yoast_head_json":{"title":"Album dziecka z imieniem na ok\u0142adce - Wianek","description":"Album dziecka z imieniem na ok\u0142adce, minimalistyczny, nowoczesny. Kronika dla ch\u0142opca i dziewczynki z miejscem na spisywanie wspomnie\u0144 i wlejanie zdj\u0119\u0107","robots":{"index":"index","follow":"follow","max-snippet":"max-snippet:-1","max-image-preview":"max-image-preview:large","max-video-preview":"max-video-preview:-1"},"canonical":"https:\/\/clesheo.pl\/en\/shop\/album-dziecka-z-imieniem-na-okladce-wianek\/","og_locale":"en_US","og_type":"article","og_title":"[:pl]Album dziecka z imieniem na ok\u0142adce - Wianek[:] - Clesheo","og_description":"Album dziecka z imieniem na ok\u0142adce, minimalistyczny, nowoczesny. Kronika dla ch\u0142opca i dziewczynki z miejscem na spisywanie wspomnie\u0144 i wlejanie zdj\u0119\u0107","og_url":"https:\/\/clesheo.pl\/en\/shop\/album-dziecka-z-imieniem-na-okladce-wianek\/","og_site_name":"Clesheo","article_modified_time":"2024-03-21T15:00:46+00:00","og_image":[{"width":1826,"height":2560,"url":"https:\/\/clesheo.pl\/wp-content\/uploads\/2021\/01\/IMG_5436-1-scaled-e1609748714404.jpg","type":"image\/jpeg"}],"twitter_card":"summary_large_image","twitter_misc":{"Est. reading time":"2 minutes"},"schema":{"@context":"https:\/\/schema.org","@graph":[{"@type":"WebPage","@id":"https:\/\/clesheo.pl\/en\/shop\/album-dziecka-z-imieniem-na-okladce-wianek\/","url":"https:\/\/clesheo.pl\/en\/shop\/album-dziecka-z-imieniem-na-okladce-wianek\/","name":"Album dziecka z imieniem na ok\u0142adce - Wianek","isPartOf":{"@id":"https:\/\/clesheo.pl\/#website"},"primaryImageOfPage":{"@id":"https:\/\/clesheo.pl\/en\/shop\/album-dziecka-z-imieniem-na-okladce-wianek\/#primaryimage"},"image":{"@id":"https:\/\/clesheo.pl\/en\/shop\/album-dziecka-z-imieniem-na-okladce-wianek\/#primaryimage"},"thumbnailUrl":"https:\/\/clesheo.pl\/wp-content\/uploads\/2021\/01\/IMG_5436-1-scaled-e1609748714404.jpg","datePublished":"2021-01-04T08:17:02+00:00","dateModified":"2024-03-21T15:00:46+00:00","description":"Album dziecka z imieniem na ok\u0142adce, minimalistyczny, nowoczesny. Kronika dla ch\u0142opca i dziewczynki z miejscem na spisywanie wspomnie\u0144 i wlejanie zdj\u0119\u0107","breadcrumb":{"@id":"https:\/\/clesheo.pl\/en\/shop\/album-dziecka-z-imieniem-na-okladce-wianek\/#breadcrumb"},"inLanguage":"en-US","potentialAction":[{"@type":"ReadAction","target":["https:\/\/clesheo.pl\/en\/shop\/album-dziecka-z-imieniem-na-okladce-wianek\/"]}]},{"@type":"ImageObject","inLanguage":"en-US","@id":"https:\/\/clesheo.pl\/en\/shop\/album-dziecka-z-imieniem-na-okladce-wianek\/#primaryimage","url":"https:\/\/clesheo.pl\/wp-content\/uploads\/2021\/01\/IMG_5436-1-scaled-e1609748714404.jpg","contentUrl":"https:\/\/clesheo.pl\/wp-content\/uploads\/2021\/01\/IMG_5436-1-scaled-e1609748714404.jpg","width":1826,"height":2560,"caption":"Clesheo album dziecka wianek"},{"@type":"BreadcrumbList","@id":"https:\/\/clesheo.pl\/en\/shop\/album-dziecka-z-imieniem-na-okladce-wianek\/#breadcrumb","itemListElement":[{"@type":"ListItem","position":1,"name":"Strona g\u0142\u00f3wna","item":"https:\/\/clesheo.pl\/"},{"@type":"ListItem","position":2,"name":"Sklep","item":"https:\/\/clesheo.pl\/sklep\/"},{"@type":"ListItem","position":3,"name":"Album dziecka z imieniem na ok\u0142adce &#8211; Wianek"}]},{"@type":"WebSite","@id":"https:\/\/clesheo.pl\/#website","url":"https:\/\/clesheo.pl\/","name":"Clesheo","description":"","potentialAction":[{"@type":"SearchAction","target":{"@type":"EntryPoint","urlTemplate":"https:\/\/clesheo.pl\/?s={search_term_string}"},"query-input":{"@type":"PropertyValueSpecification","valueRequired":true,"valueName":"search_term_string"}}],"inLanguage":"en-US"}]}},"_links":{"self":[{"href":"https:\/\/clesheo.pl\/en\/wp-json\/wp\/v2\/product\/11707","targetHints":{"allow":["GET"]}}],"collection":[{"href":"https:\/\/clesheo.pl\/en\/wp-json\/wp\/v2\/product"}],"about":[{"href":"https:\/\/clesheo.pl\/en\/wp-json\/wp\/v2\/types\/product"}],"replies":[{"embeddable":true,"href":"https:\/\/clesheo.pl\/en\/wp-json\/wp\/v2\/comments?post=11707"}],"wp:featuredmedia":[{"embeddable":true,"href":"https:\/\/clesheo.pl\/en\/wp-json\/wp\/v2\/media\/11714"}],"wp:attachment":[{"href":"https:\/\/clesheo.pl\/en\/wp-json\/wp\/v2\/media?parent=11707"}],"wp:term":[{"taxonomy":"product_brand","embeddable":true,"href":"https:\/\/clesheo.pl\/en\/wp-json\/wp\/v2\/product_brand?post=11707"},{"taxonomy":"product_cat","embeddable":true,"href":"https:\/\/clesheo.pl\/en\/wp-json\/wp\/v2\/product_cat?post=11707"},{"taxonomy":"product_tag","embeddable":true,"href":"https:\/\/clesheo.pl\/en\/wp-json\/wp\/v2\/product_tag?post=11707"}],"curies":[{"name":"wp","href":"https:\/\/api.w.org\/{rel}","templated":true}]}}