{"id":13794,"date":"2023-04-13T09:48:07","date_gmt":"2023-04-13T07:48:07","guid":{"rendered":"https:\/\/clesheo.pl\/?post_type=product&#038;p=13794"},"modified":"2025-05-24T14:27:18","modified_gmt":"2025-05-24T12:27:18","slug":"album-dziecka-dziewczynka","status":"publish","type":"product","link":"https:\/\/clesheo.pl\/en\/shop\/album-dziecka-dziewczynka\/","title":{"rendered":"Album dziecka dziewczynka"},"content":{"rendered":"<p style=\"text-align: center;\">Album dziecka dziewczynka<\/p>\n<p style=\"text-align: center;\">Zapisuj wa\u017cne i \u015bmieszne momenty z pierwszych dni, miesi\u0119cy i lat \u017cycia dziecka. Wklejaj zdj\u0119cia, rysunki, r\u00f3b notatki. Wracaj do wspomnie\u0144 z t\u0105 minimalistyczn\u0105 kronik\u0105 z imieniem dziecka na ok\u0142adce.<\/p>\n<p style=\"text-align: center;\">Stw\u00f3rz sw\u00f3j w\u0142asny album dziecka:<\/p>\n<p style=\"text-align: center;\">&#8211; wybierz kolor ok\u0142adki<\/p>\n<p style=\"text-align: center;\">&#8211; zdecyduj, czy ok\u0142adka b\u0119dzie b\u0142yszcz\u0105ca czy matowa<\/p>\n<p style=\"text-align: center;\">&#8211; uszlachetnij ok\u0142adk\u0119 za pomoc\u0105 watowania &#8211; pogrubienia lub pozostaw bez watowania<\/p>\n<p style=\"text-align: center;\">&#8211; wybierz rozmiar swojej kroniki &#8211; 20x30cm lub 30x30cm<\/p>\n<div id=\"attachment_13833\" style=\"width: 207px\"  class=\"wp-caption aligncenter\"><img decoding=\"async\" class=\"wp-image-13833 size-medium lazyload\" data-src=\"https:\/\/clesheo.pl\/wp-content\/uploads\/2023\/04\/Kronika-dziecka-dla-dziewczynki-1-197x300.jpg\" alt=\"Kronika dziecka dla dziewczynki\" width=\"197\" height=\"300\" data-srcset=\"https:\/\/clesheo.pl\/wp-content\/uploads\/2023\/04\/Kronika-dziecka-dla-dziewczynki-1-197x300.jpg 197w, https:\/\/clesheo.pl\/wp-content\/uploads\/2023\/04\/Kronika-dziecka-dla-dziewczynki-1.jpg 500w\" data-sizes=\"(max-width: 197px) 100vw, 197px\" src=\"data:image\/svg+xml;base64,PHN2ZyB3aWR0aD0iMSIgaGVpZ2h0PSIxIiB4bWxucz0iaHR0cDovL3d3dy53My5vcmcvMjAwMC9zdmciPjwvc3ZnPg==\" style=\"--smush-placeholder-width: 197px; --smush-placeholder-aspect-ratio: 197\/300;\" \/><p class=\"wp-caption-text\">Kronika dziecka dla dziewczynki<\/p><\/div>\n<h4 style=\"text-align: center;\">SPIS TRE\u015aCI<\/h4>\n<p style=\"text-align: center;\">Obejmuje najwa\u017cniejsze momenty z pierwszych lat \u017cycia dziecka:<\/p>\n<p style=\"text-align: center;\">~ Moi rodzice ~ W brzuszku mamy ~ Moje narodziny ~ \u015awiat w dniu moich narodzin ~ Pierwsze dni w domku ~ M\u00f3j pierwszy raz ~ Moje pierwsze posi\u0142ki ~ \u015alady Pory roku ~ Moja pierwsza Gwiazdka ~ Moje pierwsze wakacje ~ Moje pierwsze urodziny ~ Mam ju\u017c rok ~ R\u00f3\u017cne ciekawostki z mojego \u017cycia.<\/p>\n<p style=\"text-align: center;\">Album dziecka dziewczynka<\/p>\n<p style=\"text-align: center;\">mo\u017ce by\u0107 oryginalnym prezentem z okazji narodzin dziecka, baby shower lub chrztu dziecka. Personalizowana ok\u0142adka z imieniem dziecka sprawi rodzicom wielk\u0105 niespodziank\u0119 \ud83d\ude42<\/p>\n<h5 style=\"text-align: center;\">ZWROTY<\/h5>\n<p style=\"text-align: center;\">Poniewa\u017c nasze albumy posiadaj\u0105 personalizowane ok\u0142adki, wykonywane s\u0105 na zam\u00f3wienie. W zwi\u0105zku z tym, nie podlegaj\u0105 zwrotom. Prosimy o dokonywanie przemy\u015blanych zam\u00f3wie\u0144.<\/p>\n<p>&nbsp;<\/p>\n<p style=\"text-align: center;\">Pora wywo\u0142a\u0107 i uporz\u0105dkowa\u0107 zdj\u0119cia dziecka?<\/p>\n<p style=\"text-align: center;\">Z naszym albumem Oh baby to b\u0119dzie czysta przyjemno\u015b\u0107!<\/p>\n<div id=\"attachment_13849\" style=\"width: 471px\"  class=\"wp-caption aligncenter\"><a href=\"https:\/\/clesheo.pl\/shop\/album-oh-baby-na-zdjecia-noworodka\/\"><img decoding=\"async\" class=\"wp-image-13849 lazyload\" data-src=\"https:\/\/clesheo.pl\/wp-content\/uploads\/2023\/04\/Oh-baby-album-dziecka--300x128.jpg\" alt=\"Oh baby album dziecka\" width=\"461\" height=\"197\" data-srcset=\"https:\/\/clesheo.pl\/wp-content\/uploads\/2023\/04\/Oh-baby-album-dziecka--300x128.jpg 300w, https:\/\/clesheo.pl\/wp-content\/uploads\/2023\/04\/Oh-baby-album-dziecka--1024x439.jpg 1024w, https:\/\/clesheo.pl\/wp-content\/uploads\/2023\/04\/Oh-baby-album-dziecka--768x329.jpg 768w, https:\/\/clesheo.pl\/wp-content\/uploads\/2023\/04\/Oh-baby-album-dziecka--1536x658.jpg 1536w, https:\/\/clesheo.pl\/wp-content\/uploads\/2023\/04\/Oh-baby-album-dziecka--2048x877.jpg 2048w, https:\/\/clesheo.pl\/wp-content\/uploads\/2023\/04\/Oh-baby-album-dziecka--600x257.jpg 600w\" data-sizes=\"(max-width: 461px) 100vw, 461px\" src=\"data:image\/svg+xml;base64,PHN2ZyB3aWR0aD0iMSIgaGVpZ2h0PSIxIiB4bWxucz0iaHR0cDovL3d3dy53My5vcmcvMjAwMC9zdmciPjwvc3ZnPg==\" style=\"--smush-placeholder-width: 461px; --smush-placeholder-aspect-ratio: 461\/197;\" \/><\/a><p class=\"wp-caption-text\">Oh baby album &#8211; od 250,00 PLN<\/p><\/div>\n<p>Oh baby album &#8211; od 250,00 PLN<\/p>\n<p style=\"text-align: center;\">Zerknij te\u017c na albumy na zdj\u0119cia dost\u0119pne w naszym sklepie:<\/p>\n<p style=\"text-align: center;\"><a href=\"https:\/\/clesheo.pl\/product-category\/albumy-na-zdjecia\/\">https:\/\/clesheo.pl\/product-category\/albumy-na-zdjecia\/<\/a><\/p>\n<p style=\"text-align: center;\">Je\u015bli nie znalaz\u0142e\u015b tu swojego wymarzonego albumu mo\u017cesz napisa\u0107 do nas i opowiedzie\u0107 nam o swoim pomy\u015ble na ok\u0142adk\u0119, kto wie, mo\u017ce razem uda nam si\u0119 stworzy\u0107 co\u015b fajnego\u00a0<img decoding=\"async\" class=\"emoji lazyload\" role=\"img\" draggable=\"false\" data-src=\"https:\/\/s.w.org\/images\/core\/emoji\/14.0.0\/svg\/1f642.svg\" alt=\"&#x1f642;\" src=\"data:image\/svg+xml;base64,PHN2ZyB3aWR0aD0iMSIgaGVpZ2h0PSIxIiB4bWxucz0iaHR0cDovL3d3dy53My5vcmcvMjAwMC9zdmciPjwvc3ZnPg==\" \/>\u00a0Swoje pomys\u0142y wy\u015blij mailem na adres kontakt@clesheo.pl<\/p>\n<p style=\"text-align: center;\">W naszym sklepie online dost\u0119pne s\u0105 r\u00f3wnie\u017c albumy na spisywanie wspomnie\u0144 dziecka, oprawione w p\u0142\u00f3tno, z personalizowanymi ok\u0142adkami.<\/p>\n<p style=\"text-align: center;\">Albumy znajdziesz tu ->\u00a0<a href=\"https:\/\/clesheo.pl\/shop\/album-dziecka\/\">https:\/\/clesheo.pl\/shop\/album-dziecka\/<\/a><\/p>\n<p style=\"text-align: center;\">Znajd\u017a nas w mediach spo\u0142eczno\u015bciowych i obserwuj aby by\u0107 na bie\u017c\u0105co z naszymi ofertami<\/p>\n<p style=\"text-align: center;\"><a href=\"http:\/\/www.instagram.pl\/clesheo\">www.instagram.pl\/clesheo<\/a><\/p>\n<h4 style=\"text-align: center;\"><\/h4>\n","protected":false},"excerpt":{"rendered":"<h4 style=\"text-align: left;\">Album dziecka dziewczynka<\/h4>\n<p style=\"text-align: left;\">Zapisuj wa\u017cne i \u015bmieszne momenty z pierwszych dni, miesi\u0119cy i lat \u017cycia dziecka. Wklejaj zdj\u0119cia, rysunki, r\u00f3b notatki. Wracaj do wspomnie\u0144 z t\u0105 minimalistyczn\u0105 kronik\u0105 z imieniem dziecka na ok\u0142adce.<\/p>\n<p>Format: 20&#215;30 cm lub 30&#215;30 cm, twarda oprawa, j\u0119zyk polski, kolor czcionki: pudrowy r\u00f3\u017c<\/p>\n","protected":false},"featured_media":13795,"comment_status":"open","ping_status":"closed","template":"","meta":[],"product_brand":[],"product_cat":[],"product_tag":[432,394,433,434],"class_list":{"0":"post-13794","1":"product","2":"type-product","3":"status-publish","4":"has-post-thumbnail","6":"product_tag-album-dziecka-dziewczynka","7":"product_tag-kronika-dla-dziecka","8":"product_tag-kronika-dla-dziewczynki","9":"product_tag-kronika-dla-maluszka","11":"first","12":"instock","13":"shipping-taxable","14":"purchasable","15":"product-type-variable"},"yoast_head":"<!-- This site is optimized with the Yoast SEO plugin v23.6 - https:\/\/yoast.com\/wordpress\/plugins\/seo\/ -->\n<title>Album dziecka dziewczynka Clesheo - z imieniem na ok\u0142adce<\/title>\n<meta name=\"description\" content=\"Album dziecka dziewczynka - Clesheo - z imieniem na ok\u0142adce. Zapisuj wa\u017cne i \u015bmieszne momenty z pierwszych dni, miesi\u0119cy i lat \u017cycia dziecka.\" \/>\n<meta name=\"robots\" content=\"index, follow, max-snippet:-1, max-image-preview:large, max-video-preview:-1\" \/>\n<link rel=\"canonical\" href=\"https:\/\/clesheo.pl\/en\/shop\/album-dziecka-dziewczynka\/\" \/>\n<meta property=\"og:locale\" content=\"en_US\" \/>\n<meta property=\"og:locale:alternate\" content=\"pl_PL\" \/>\n<meta property=\"og:type\" content=\"article\" \/>\n<meta property=\"og:title\" content=\"Album dziecka dziewczynka Clesheo - z imieniem na ok\u0142adce\" \/>\n<meta property=\"og:description\" content=\"Album dziecka dziewczynka - Clesheo - z imieniem na ok\u0142adce. Zapisuj wa\u017cne i \u015bmieszne momenty z pierwszych dni, miesi\u0119cy i lat \u017cycia dziecka.\" \/>\n<meta property=\"og:url\" content=\"https:\/\/clesheo.pl\/en\/shop\/album-dziecka-dziewczynka\/\" \/>\n<meta property=\"og:site_name\" content=\"Clesheo\" \/>\n<meta property=\"article:modified_time\" content=\"2025-05-24T12:27:18+00:00\" \/>\n<meta property=\"og:image\" content=\"https:\/\/clesheo.pl\/wp-content\/uploads\/2023\/04\/Kronika-dziecka-9999-scaled.jpg\" \/>\n\t<meta property=\"og:image:width\" content=\"1707\" \/>\n\t<meta property=\"og:image:height\" content=\"2560\" \/>\n\t<meta property=\"og:image:type\" content=\"image\/jpeg\" \/>\n<meta name=\"twitter:card\" content=\"summary_large_image\" \/>\n<meta name=\"twitter:label1\" content=\"Est. reading time\" \/>\n\t<meta name=\"twitter:data1\" content=\"3 minutes\" \/>\n<script type=\"application\/ld+json\" class=\"yoast-schema-graph\">{\"@context\":\"https:\/\/schema.org\",\"@graph\":[{\"@type\":\"WebPage\",\"@id\":\"https:\/\/clesheo.pl\/en\/shop\/album-dziecka-dziewczynka\/\",\"url\":\"https:\/\/clesheo.pl\/en\/shop\/album-dziecka-dziewczynka\/\",\"name\":\"Album dziecka dziewczynka Clesheo - z imieniem na ok\u0142adce\",\"isPartOf\":{\"@id\":\"https:\/\/clesheo.pl\/#website\"},\"primaryImageOfPage\":{\"@id\":\"https:\/\/clesheo.pl\/en\/shop\/album-dziecka-dziewczynka\/#primaryimage\"},\"image\":{\"@id\":\"https:\/\/clesheo.pl\/en\/shop\/album-dziecka-dziewczynka\/#primaryimage\"},\"thumbnailUrl\":\"https:\/\/clesheo.pl\/wp-content\/uploads\/2023\/04\/Kronika-dziecka-9999-scaled.jpg\",\"datePublished\":\"2023-04-13T07:48:07+00:00\",\"dateModified\":\"2025-05-24T12:27:18+00:00\",\"description\":\"Album dziecka dziewczynka - Clesheo - z imieniem na ok\u0142adce. Zapisuj wa\u017cne i \u015bmieszne momenty z pierwszych dni, miesi\u0119cy i lat \u017cycia dziecka.\",\"breadcrumb\":{\"@id\":\"https:\/\/clesheo.pl\/en\/shop\/album-dziecka-dziewczynka\/#breadcrumb\"},\"inLanguage\":\"en-US\",\"potentialAction\":[{\"@type\":\"ReadAction\",\"target\":[\"https:\/\/clesheo.pl\/en\/shop\/album-dziecka-dziewczynka\/\"]}]},{\"@type\":\"ImageObject\",\"inLanguage\":\"en-US\",\"@id\":\"https:\/\/clesheo.pl\/en\/shop\/album-dziecka-dziewczynka\/#primaryimage\",\"url\":\"https:\/\/clesheo.pl\/wp-content\/uploads\/2023\/04\/Kronika-dziecka-9999-scaled.jpg\",\"contentUrl\":\"https:\/\/clesheo.pl\/wp-content\/uploads\/2023\/04\/Kronika-dziecka-9999-scaled.jpg\",\"width\":1707,\"height\":2560,\"caption\":\"Kronika dziecka od narodzin z imieniem na ok\u0142adce\"},{\"@type\":\"BreadcrumbList\",\"@id\":\"https:\/\/clesheo.pl\/en\/shop\/album-dziecka-dziewczynka\/#breadcrumb\",\"itemListElement\":[{\"@type\":\"ListItem\",\"position\":1,\"name\":\"Strona g\u0142\u00f3wna\",\"item\":\"https:\/\/clesheo.pl\/\"},{\"@type\":\"ListItem\",\"position\":2,\"name\":\"Sklep\",\"item\":\"https:\/\/clesheo.pl\/sklep\/\"},{\"@type\":\"ListItem\",\"position\":3,\"name\":\"Album dziecka dziewczynka\"}]},{\"@type\":\"WebSite\",\"@id\":\"https:\/\/clesheo.pl\/#website\",\"url\":\"https:\/\/clesheo.pl\/\",\"name\":\"Clesheo\",\"description\":\"\",\"potentialAction\":[{\"@type\":\"SearchAction\",\"target\":{\"@type\":\"EntryPoint\",\"urlTemplate\":\"https:\/\/clesheo.pl\/?s={search_term_string}\"},\"query-input\":{\"@type\":\"PropertyValueSpecification\",\"valueRequired\":true,\"valueName\":\"search_term_string\"}}],\"inLanguage\":\"en-US\"}]}<\/script>\n<!-- \/ Yoast SEO plugin. -->","yoast_head_json":{"title":"Album dziecka dziewczynka Clesheo - z imieniem na ok\u0142adce","description":"Album dziecka dziewczynka - Clesheo - z imieniem na ok\u0142adce. Zapisuj wa\u017cne i \u015bmieszne momenty z pierwszych dni, miesi\u0119cy i lat \u017cycia dziecka.","robots":{"index":"index","follow":"follow","max-snippet":"max-snippet:-1","max-image-preview":"max-image-preview:large","max-video-preview":"max-video-preview:-1"},"canonical":"https:\/\/clesheo.pl\/en\/shop\/album-dziecka-dziewczynka\/","og_locale":"en_US","og_type":"article","og_title":"Album dziecka dziewczynka Clesheo - z imieniem na ok\u0142adce","og_description":"Album dziecka dziewczynka - Clesheo - z imieniem na ok\u0142adce. Zapisuj wa\u017cne i \u015bmieszne momenty z pierwszych dni, miesi\u0119cy i lat \u017cycia dziecka.","og_url":"https:\/\/clesheo.pl\/en\/shop\/album-dziecka-dziewczynka\/","og_site_name":"Clesheo","article_modified_time":"2025-05-24T12:27:18+00:00","og_image":[{"width":1707,"height":2560,"url":"https:\/\/clesheo.pl\/wp-content\/uploads\/2023\/04\/Kronika-dziecka-9999-scaled.jpg","type":"image\/jpeg"}],"twitter_card":"summary_large_image","twitter_misc":{"Est. reading time":"3 minutes"},"schema":{"@context":"https:\/\/schema.org","@graph":[{"@type":"WebPage","@id":"https:\/\/clesheo.pl\/en\/shop\/album-dziecka-dziewczynka\/","url":"https:\/\/clesheo.pl\/en\/shop\/album-dziecka-dziewczynka\/","name":"Album dziecka dziewczynka Clesheo - z imieniem na ok\u0142adce","isPartOf":{"@id":"https:\/\/clesheo.pl\/#website"},"primaryImageOfPage":{"@id":"https:\/\/clesheo.pl\/en\/shop\/album-dziecka-dziewczynka\/#primaryimage"},"image":{"@id":"https:\/\/clesheo.pl\/en\/shop\/album-dziecka-dziewczynka\/#primaryimage"},"thumbnailUrl":"https:\/\/clesheo.pl\/wp-content\/uploads\/2023\/04\/Kronika-dziecka-9999-scaled.jpg","datePublished":"2023-04-13T07:48:07+00:00","dateModified":"2025-05-24T12:27:18+00:00","description":"Album dziecka dziewczynka - Clesheo - z imieniem na ok\u0142adce. Zapisuj wa\u017cne i \u015bmieszne momenty z pierwszych dni, miesi\u0119cy i lat \u017cycia dziecka.","breadcrumb":{"@id":"https:\/\/clesheo.pl\/en\/shop\/album-dziecka-dziewczynka\/#breadcrumb"},"inLanguage":"en-US","potentialAction":[{"@type":"ReadAction","target":["https:\/\/clesheo.pl\/en\/shop\/album-dziecka-dziewczynka\/"]}]},{"@type":"ImageObject","inLanguage":"en-US","@id":"https:\/\/clesheo.pl\/en\/shop\/album-dziecka-dziewczynka\/#primaryimage","url":"https:\/\/clesheo.pl\/wp-content\/uploads\/2023\/04\/Kronika-dziecka-9999-scaled.jpg","contentUrl":"https:\/\/clesheo.pl\/wp-content\/uploads\/2023\/04\/Kronika-dziecka-9999-scaled.jpg","width":1707,"height":2560,"caption":"Kronika dziecka od narodzin z imieniem na ok\u0142adce"},{"@type":"BreadcrumbList","@id":"https:\/\/clesheo.pl\/en\/shop\/album-dziecka-dziewczynka\/#breadcrumb","itemListElement":[{"@type":"ListItem","position":1,"name":"Strona g\u0142\u00f3wna","item":"https:\/\/clesheo.pl\/"},{"@type":"ListItem","position":2,"name":"Sklep","item":"https:\/\/clesheo.pl\/sklep\/"},{"@type":"ListItem","position":3,"name":"Album dziecka dziewczynka"}]},{"@type":"WebSite","@id":"https:\/\/clesheo.pl\/#website","url":"https:\/\/clesheo.pl\/","name":"Clesheo","description":"","potentialAction":[{"@type":"SearchAction","target":{"@type":"EntryPoint","urlTemplate":"https:\/\/clesheo.pl\/?s={search_term_string}"},"query-input":{"@type":"PropertyValueSpecification","valueRequired":true,"valueName":"search_term_string"}}],"inLanguage":"en-US"}]}},"_links":{"self":[{"href":"https:\/\/clesheo.pl\/en\/wp-json\/wp\/v2\/product\/13794","targetHints":{"allow":["GET"]}}],"collection":[{"href":"https:\/\/clesheo.pl\/en\/wp-json\/wp\/v2\/product"}],"about":[{"href":"https:\/\/clesheo.pl\/en\/wp-json\/wp\/v2\/types\/product"}],"replies":[{"embeddable":true,"href":"https:\/\/clesheo.pl\/en\/wp-json\/wp\/v2\/comments?post=13794"}],"wp:featuredmedia":[{"embeddable":true,"href":"https:\/\/clesheo.pl\/en\/wp-json\/wp\/v2\/media\/13795"}],"wp:attachment":[{"href":"https:\/\/clesheo.pl\/en\/wp-json\/wp\/v2\/media?parent=13794"}],"wp:term":[{"taxonomy":"product_brand","embeddable":true,"href":"https:\/\/clesheo.pl\/en\/wp-json\/wp\/v2\/product_brand?post=13794"},{"taxonomy":"product_cat","embeddable":true,"href":"https:\/\/clesheo.pl\/en\/wp-json\/wp\/v2\/product_cat?post=13794"},{"taxonomy":"product_tag","embeddable":true,"href":"https:\/\/clesheo.pl\/en\/wp-json\/wp\/v2\/product_tag?post=13794"}],"curies":[{"name":"wp","href":"https:\/\/api.w.org\/{rel}","templated":true}]}}