{"id":13918,"date":"2023-09-22T11:01:31","date_gmt":"2023-09-22T09:01:31","guid":{"rendered":"https:\/\/clesheo.pl\/?post_type=product&#038;p=13918"},"modified":"2025-10-20T19:36:29","modified_gmt":"2025-10-20T17:36:29","slug":"pamietnik-dziecka-oto-ja-niebieski","status":"publish","type":"product","link":"https:\/\/clesheo.pl\/en\/shop\/pamietnik-dziecka-oto-ja-niebieski\/","title":{"rendered":"Pami\u0119tnik dziecka Oto ja &#8211; niebieski pastelowy"},"content":{"rendered":"<h5 style=\"text-align: left;\">Pami\u0119tnik dziecka Oto ja, od narodzin do pi\u0105tego roku \u017cycia, z personalizowan\u0105 ok\u0142adk\u0105<\/h5>\n<p>Ksi\u0105\u017ceczka, kt\u00f3ra mo\u017ce pom\u00f3c rodzicom \u015bledzi\u0107 i dokumentowa\u0107 kluczowe momenty w rozwoju swojego dziecka od czasu ci\u0105\u017cy do 5. roku \u017cycia. Takie pami\u0119tniki s\u0105 nie tylko cenn\u0105 pami\u0105tk\u0105 dla rodzic\u00f3w, ale tak\u017ce mog\u0105 stanowi\u0107 wa\u017cne \u017ar\u00f3d\u0142o informacji i wspomnie\u0144 dla dziecka, gdy b\u0119dzie dorasta\u0107.<\/p>\n<p>Dokumentowanie szczeg\u00f3\u0142\u00f3w zwi\u0105zanych z rozwojem dziecka mo\u017ce pom\u00f3c w:<\/p>\n<ol>\n<li><strong>Pami\u0119taniu wa\u017cnych chwil:<\/strong> Dzieci rosn\u0105 bardzo szybko, a te pierwsze lata s\u0105 pe\u0142ne znacz\u0105cych moment\u00f3w. Dzi\u0119ki pami\u0119tnikowi mo\u017cna z \u0142atwo\u015bci\u0105 przypomnie\u0107 sobie te wa\u017cne chwile.<\/li>\n<li><strong>Monitorowaniu zdrowia:<\/strong> Zapisywanie danych zwi\u0105zanych z ci\u0105\u017c\u0105, wzrostem, wag\u0105 i zdrowiem dziecka mo\u017ce by\u0107 przydatne w przysz\u0142o\u015bci, zw\u0142aszcza podczas wizyt lekarskich.<\/li>\n<li><strong>Tworzeniu osobistej historii:<\/strong> Dla dziecka to tak\u017ce wspania\u0142e \u017ar\u00f3d\u0142o wiedzy o w\u0142asnym dzieci\u0144stwie. B\u0119dzie mog\u0142o pozna\u0107 swoj\u0105 histori\u0119 od samego pocz\u0105tku.<\/li>\n<li><strong>Dzieleniu si\u0119 wspomnieniami:<\/strong> Kiedy dziecko doros\u0142o, taki pami\u0119tnik mo\u017ce by\u0107 prezentem, kt\u00f3rym rodzice podziel\u0105 si\u0119 z dzieckiem. To emocjonalny i warto\u015bciowy dar.<\/li>\n<\/ol>\n<p>Kronika zawiera ca\u0142\u0105 mas\u0119 gotowych temat\u00f3w, a jednocze\u015bnie umo\u017cliwia dodawanie w\u0142asnych tre\u015bci oraz zdj\u0119\u0107.<\/p>\n<p>To idealny prezent dla przysz\u0142ych lub \u015bwie\u017co upieczonych rodzic\u00f3w, grafika wewn\u0105trz jest neutralna pod wzgl\u0119dem p\u0142ci.<\/p>\n<h5>Cechy ksi\u0105\u017ceczki:<\/h5>\n<p>Wymiary: 20 x 20 cm<\/p>\n<p>Ilo\u015b\u0107 stron: 80<\/p>\n<p>Ok\u0142adka twarda, matowa lub b\u0142yszcz\u0105ca.<\/p>\n<p>Personalizowana ok\u0142adka z imieniem i dat\u0105 urodzenia sprawia, \u017ce album staje si\u0119 jeszcze bardziej wyj\u0105tkowy.<\/p>\n<p>Pami\u0119tnik rozpoczyna wprowadzenie obejmuj\u0105ce historie zwi\u0105zane z rodzicami, ci\u0105\u017c\u0105 oraz porodem. Kolejn\u0105 cz\u0119\u015b\u0107 kroniki stanowi\u0105 wyznaczone miejsca na opisy oraz zdj\u0119cia z pierwszych 12 miesi\u0119cy male\u0144stwa oraz strony po\u015bwi\u0119cone szczeg\u00f3\u0142om, o kt\u00f3rych szybko mo\u017cna zapomnie\u0107). Przyk\u0142adowe tematy: s\u0142owniczek niemowl\u0119cy, pierwsze buciki, nowe umiej\u0119tno\u015bci, pierwsze wakacje i tym podobne. Kronika obejmuje pierwsze 5 lat \u017cycia dziecka.<\/p>\n<p>Delikatna grafika z malowanymi akwarelami ro\u015blin i zwierz\u0105tek dodaje uroku i estetyki, co czyni go nie tylko praktycznym narz\u0119dziem do dokumentowania wa\u017cnych chwil, ale tak\u017ce pi\u0119kn\u0105 pami\u0105tk\u0105. To doskona\u0142y spos\u00f3b, aby utrwali\u0107 wspomnienia z okresu dzieci\u0144stwa i tworzy\u0107 cenne wspomnienia na przysz\u0142o\u015b\u0107. Dla wielu rodzic\u00f3w i dzieci takie pami\u0105tki maj\u0105 ogromn\u0105 warto\u015b\u0107 emocjonaln\u0105 i staj\u0105 si\u0119 dziedzictwem rodzinnym.<\/p>\n<p>Album dziecka mo\u017ce by\u0107 wype\u0142niony zdj\u0119ciami, notatkami, kartkami z \u017cyczeniami od bliskich i innymi pami\u0105tkami, kt\u00f3re pomog\u0105 zachowa\u0107 wspomnienia z okresu dzieci\u0144stwa. To wspania\u0142a pami\u0105tka, kt\u00f3ra mo\u017ce by\u0107 przekazywana z pokolenia na pokolenie.<\/p>\n<p>Wi\u0119cej \u015bwietnych pomys\u0142\u00f3w na prezent znajdziesz tu:<\/p>\n<div id=\"attachment_13917\" style=\"width: 210px\"  class=\"wp-caption alignnone\"><img decoding=\"async\" class=\"size-medium wp-image-13917 lazyload\" data-src=\"https:\/\/clesheo.pl\/wp-content\/uploads\/2023\/09\/Album-dziecka-pamietnik-clesheo-rozowy-200x300.jpg\" alt=\"Album dziecka pami\u0119tnik clesheo r\u00f3\u017cowy\" width=\"200\" height=\"300\" data-srcset=\"https:\/\/clesheo.pl\/wp-content\/uploads\/2023\/09\/Album-dziecka-pamietnik-clesheo-rozowy-200x300.jpg 200w, https:\/\/clesheo.pl\/wp-content\/uploads\/2023\/09\/Album-dziecka-pamietnik-clesheo-rozowy.jpg 600w\" data-sizes=\"(max-width: 200px) 100vw, 200px\" src=\"data:image\/svg+xml;base64,PHN2ZyB3aWR0aD0iMSIgaGVpZ2h0PSIxIiB4bWxucz0iaHR0cDovL3d3dy53My5vcmcvMjAwMC9zdmciPjwvc3ZnPg==\" style=\"--smush-placeholder-width: 200px; --smush-placeholder-aspect-ratio: 200\/300;\" \/><p class=\"wp-caption-text\">Album dziecka r\u00f3\u017cowy<\/p><\/div>\n<div id=\"attachment_13915\" style=\"width: 246px\"  class=\"wp-caption alignnone\"><img decoding=\"async\" class=\"size-medium wp-image-13915 lazyload\" data-src=\"https:\/\/clesheo.pl\/wp-content\/uploads\/2023\/09\/Album-dla-dziecka-pamietnik-clesheo-niebieski-zielony-2-236x300.jpg\" alt=\"Pami\u0119tnik noworodka od narodzin\" width=\"236\" height=\"300\" data-srcset=\"https:\/\/clesheo.pl\/wp-content\/uploads\/2023\/09\/Album-dla-dziecka-pamietnik-clesheo-niebieski-zielony-2-236x300.jpg 236w, https:\/\/clesheo.pl\/wp-content\/uploads\/2023\/09\/Album-dla-dziecka-pamietnik-clesheo-niebieski-zielony-2-600x763.jpg 600w, https:\/\/clesheo.pl\/wp-content\/uploads\/2023\/09\/Album-dla-dziecka-pamietnik-clesheo-niebieski-zielony-2.jpg 708w\" data-sizes=\"(max-width: 236px) 100vw, 236px\" src=\"data:image\/svg+xml;base64,PHN2ZyB3aWR0aD0iMSIgaGVpZ2h0PSIxIiB4bWxucz0iaHR0cDovL3d3dy53My5vcmcvMjAwMC9zdmciPjwvc3ZnPg==\" style=\"--smush-placeholder-width: 236px; --smush-placeholder-aspect-ratio: 236\/300;\" \/><p class=\"wp-caption-text\">Pami\u0119tnik noworodka zielony<\/p><\/div>\n<p>&nbsp;<\/p>\n<h5>Czas realizacji zam\u00f3wie\u0144<\/h5>\n<p>Produkcja personalizowanego albumu zajmuje nam oko\u0142o 10 dni roboczych. Zwr\u00f3\u0107 na to uwag\u0119, je\u015bli zamierzasz zam\u00f3wi\u0107 album na wa\u017cn\u0105 okazj\u0119, tak\u0105 jak \u015blub czy chrzciny. Sprawd\u017a czy uda nam si\u0119 dostarczy\u0107 zam\u00f3wienie przed wyznaczon\u0105 dat\u0105 uroczysto\u015bci. Wysy\u0142ka zam\u00f3wienia to oko\u0142o 2-3 dni roboczych. Prosimy r\u00f3wnie\u017c o dokonywanie przemy\u015blanych zakup\u00f3w ze wzgl\u0119du na fakt, \u017ce produkty personalizowane, jak ten nie podlegaj\u0105 zwrotom.<\/p>\n<h5>Wklejanie zdj\u0119\u0107<\/h5>\n<p>U\u017cycie specjalnych przylepc\u00f3w lub ta\u015bm do przymocowania zdj\u0119\u0107 jest bezpiecznym i estetycznym sposobem, aby unikn\u0105\u0107 uszkodze\u0144 i odkszta\u0142ce\u0144 na fotografii. Przyklejanie zdj\u0119\u0107 za pomoc\u0105 kleju mo\u017ce prowadzi\u0107 do nieodwracalnych uszkodze\u0144.<\/p>\n<p>Oto kilka dodatkowych wskaz\u00f3wek dotycz\u0105cych przyklejania zdj\u0119\u0107 do albumu:<\/p>\n<ol>\n<li><strong>U\u017cyj specjalnych fotokartek lub przylepc\u00f3w.<\/strong>\u00a0Dost\u0119pne s\u0105 specjalne fotokartki lub przylepce, kt\u00f3re s\u0105 bezpieczne dla zdj\u0119\u0107 i nie zawieraj\u0105 kwas\u00f3w ani ligniny, kt\u00f3re mog\u0105 uszkadza\u0107 fotografie. S\u0105 one dost\u0119pne w r\u00f3\u017cnych rozmiarach i formach.<\/li>\n<li><strong>Ostro\u017cno\u015b\u0107 podczas przyklejania.<\/strong> Upewnij si\u0119, \u017ce zdj\u0119cie jest dok\u0142adnie wyprostowane, a nast\u0119pnie ostro\u017cnie przyklej je, aby unikn\u0105\u0107 powstawania p\u0119cherzyk\u00f3w powietrza lub fa\u0142dowania.<\/li>\n<\/ol>\n<p>Zobacz nasze inne produkty: <a href=\"https:\/\/clesheo.pl\/shop\/album-na-zdjecia-dziecka-z-kwiatami-oto-ja-clesheo\/\">Album na zdj\u0119cia z imieniem dziecka\u00a0<\/a><\/p>\n<p>B\u0105d\u017a na bie\u017c\u0105co z nowo\u015bciami i ofertami, obserwuj nas w mediach spo\u0142eczno\u015bciowych &#8211;\u00a0 <a href=\"http:\/\/www.instagram.pl\/clesheo\">www.instagram.pl\/clesheo<\/a><\/p>\n","protected":false},"excerpt":{"rendered":"<p>Pami\u0119tnik dziecka Oto ja, od narodzin do pi\u0105tego roku \u017cycia<\/p>\n<p>Urocza ksi\u0105\u017ceczka, z pami\u0119tnikiem ci\u0105\u017cy, kronik\u0105 niemowlaka oraz z miejscem na opisy i zdj\u0119cia z pierwszych lat \u017cycia. Ok\u0142adka personalizowana z imieniem i dat\u0105 urodzenia dziecka, kolor ok\u0142adki: niebieski pastelowy<\/p>\n<p>Format: 20x20cm<\/p>\n<p>Twarda oprawa, j\u0119zyk polski<\/p>\n","protected":false},"featured_media":13926,"comment_status":"open","ping_status":"closed","template":"","meta":[],"product_brand":[],"product_cat":[],"product_tag":[229,131,383,381,410,156,124,408,409,122,382],"class_list":{"0":"post-13918","1":"product","2":"type-product","3":"status-publish","4":"has-post-thumbnail","6":"product_tag-album-dla-dziecka","7":"product_tag-kronika-dziecka","8":"product_tag-moj-pierwszy-rok","9":"product_tag-oh-baby-album","10":"product_tag-oh-baby-pamietnik","11":"product_tag-pamietnik-dla-dziecka","12":"product_tag-pamietnik-dziecka","13":"product_tag-pamietnik-niemowlaka","14":"product_tag-pamietnik-noworodka","15":"product_tag-pierwszy-album-dziecka","16":"product_tag-twoja-historia-kochanie","18":"first","19":"instock","20":"shipping-taxable","21":"purchasable","22":"product-type-variable"},"yoast_head":"<!-- This site is optimized with the Yoast SEO plugin v23.6 - https:\/\/yoast.com\/wordpress\/plugins\/seo\/ -->\n<title>Pami\u0119tnik dziecka - Clesheo<\/title>\n<meta name=\"description\" content=\"Pami\u0119tnik dziecka Oto ja, od narodzin do pi\u0105tego roku \u017cycia Clesheo Personalizowana ksi\u0105\u017ceczka, pami\u0119tnik ci\u0105\u017cy, kronika niemowlaka, z miejscem na opisy i zdj\u0119cia\" \/>\n<meta name=\"robots\" content=\"index, follow, max-snippet:-1, max-image-preview:large, max-video-preview:-1\" \/>\n<link rel=\"canonical\" href=\"https:\/\/clesheo.pl\/en\/shop\/pamietnik-dziecka-oto-ja-niebieski\/\" \/>\n<meta property=\"og:locale\" content=\"en_US\" \/>\n<meta property=\"og:locale:alternate\" content=\"pl_PL\" \/>\n<meta property=\"og:type\" content=\"article\" \/>\n<meta property=\"og:title\" content=\"Pami\u0119tnik dziecka - Clesheo\" \/>\n<meta property=\"og:description\" content=\"Pami\u0119tnik dziecka Oto ja, od narodzin do pi\u0105tego roku \u017cycia Clesheo Personalizowana ksi\u0105\u017ceczka, pami\u0119tnik ci\u0105\u017cy, kronika niemowlaka, z miejscem na opisy i zdj\u0119cia\" \/>\n<meta property=\"og:url\" content=\"https:\/\/clesheo.pl\/en\/shop\/pamietnik-dziecka-oto-ja-niebieski\/\" \/>\n<meta property=\"og:site_name\" content=\"Clesheo\" \/>\n<meta property=\"article:modified_time\" content=\"2025-10-20T17:36:29+00:00\" \/>\n<meta property=\"og:image\" content=\"https:\/\/clesheo.pl\/wp-content\/uploads\/2023\/09\/Album-dziecka-pamietnik-clesheo-niebieski.jpg\" \/>\n\t<meta property=\"og:image:width\" content=\"600\" \/>\n\t<meta property=\"og:image:height\" content=\"900\" \/>\n\t<meta property=\"og:image:type\" content=\"image\/jpeg\" \/>\n<meta name=\"twitter:card\" content=\"summary_large_image\" \/>\n<meta name=\"twitter:label1\" content=\"Est. reading time\" \/>\n\t<meta name=\"twitter:data1\" content=\"4 minutes\" \/>\n<script type=\"application\/ld+json\" class=\"yoast-schema-graph\">{\"@context\":\"https:\/\/schema.org\",\"@graph\":[{\"@type\":\"WebPage\",\"@id\":\"https:\/\/clesheo.pl\/en\/shop\/pamietnik-dziecka-oto-ja-niebieski\/\",\"url\":\"https:\/\/clesheo.pl\/en\/shop\/pamietnik-dziecka-oto-ja-niebieski\/\",\"name\":\"Pami\u0119tnik dziecka - Clesheo\",\"isPartOf\":{\"@id\":\"https:\/\/clesheo.pl\/#website\"},\"primaryImageOfPage\":{\"@id\":\"https:\/\/clesheo.pl\/en\/shop\/pamietnik-dziecka-oto-ja-niebieski\/#primaryimage\"},\"image\":{\"@id\":\"https:\/\/clesheo.pl\/en\/shop\/pamietnik-dziecka-oto-ja-niebieski\/#primaryimage\"},\"thumbnailUrl\":\"https:\/\/clesheo.pl\/wp-content\/uploads\/2023\/09\/Album-dziecka-pamietnik-clesheo-niebieski.jpg\",\"datePublished\":\"2023-09-22T09:01:31+00:00\",\"dateModified\":\"2025-10-20T17:36:29+00:00\",\"description\":\"Pami\u0119tnik dziecka Oto ja, od narodzin do pi\u0105tego roku \u017cycia Clesheo Personalizowana ksi\u0105\u017ceczka, pami\u0119tnik ci\u0105\u017cy, kronika niemowlaka, z miejscem na opisy i zdj\u0119cia\",\"breadcrumb\":{\"@id\":\"https:\/\/clesheo.pl\/en\/shop\/pamietnik-dziecka-oto-ja-niebieski\/#breadcrumb\"},\"inLanguage\":\"en-US\",\"potentialAction\":[{\"@type\":\"ReadAction\",\"target\":[\"https:\/\/clesheo.pl\/en\/shop\/pamietnik-dziecka-oto-ja-niebieski\/\"]}]},{\"@type\":\"ImageObject\",\"inLanguage\":\"en-US\",\"@id\":\"https:\/\/clesheo.pl\/en\/shop\/pamietnik-dziecka-oto-ja-niebieski\/#primaryimage\",\"url\":\"https:\/\/clesheo.pl\/wp-content\/uploads\/2023\/09\/Album-dziecka-pamietnik-clesheo-niebieski.jpg\",\"contentUrl\":\"https:\/\/clesheo.pl\/wp-content\/uploads\/2023\/09\/Album-dziecka-pamietnik-clesheo-niebieski.jpg\",\"width\":600,\"height\":900,\"caption\":\"kronika dziecka, pami\u0119tnik noworodka, album dla dziecka\"},{\"@type\":\"BreadcrumbList\",\"@id\":\"https:\/\/clesheo.pl\/en\/shop\/pamietnik-dziecka-oto-ja-niebieski\/#breadcrumb\",\"itemListElement\":[{\"@type\":\"ListItem\",\"position\":1,\"name\":\"Strona g\u0142\u00f3wna\",\"item\":\"https:\/\/clesheo.pl\/\"},{\"@type\":\"ListItem\",\"position\":2,\"name\":\"Sklep\",\"item\":\"https:\/\/clesheo.pl\/sklep\/\"},{\"@type\":\"ListItem\",\"position\":3,\"name\":\"Pami\u0119tnik dziecka Oto ja &#8211; niebieski pastelowy\"}]},{\"@type\":\"WebSite\",\"@id\":\"https:\/\/clesheo.pl\/#website\",\"url\":\"https:\/\/clesheo.pl\/\",\"name\":\"Clesheo\",\"description\":\"\",\"potentialAction\":[{\"@type\":\"SearchAction\",\"target\":{\"@type\":\"EntryPoint\",\"urlTemplate\":\"https:\/\/clesheo.pl\/?s={search_term_string}\"},\"query-input\":{\"@type\":\"PropertyValueSpecification\",\"valueRequired\":true,\"valueName\":\"search_term_string\"}}],\"inLanguage\":\"en-US\"}]}<\/script>\n<!-- \/ Yoast SEO plugin. -->","yoast_head_json":{"title":"Pami\u0119tnik dziecka - Clesheo","description":"Pami\u0119tnik dziecka Oto ja, od narodzin do pi\u0105tego roku \u017cycia Clesheo Personalizowana ksi\u0105\u017ceczka, pami\u0119tnik ci\u0105\u017cy, kronika niemowlaka, z miejscem na opisy i zdj\u0119cia","robots":{"index":"index","follow":"follow","max-snippet":"max-snippet:-1","max-image-preview":"max-image-preview:large","max-video-preview":"max-video-preview:-1"},"canonical":"https:\/\/clesheo.pl\/en\/shop\/pamietnik-dziecka-oto-ja-niebieski\/","og_locale":"en_US","og_type":"article","og_title":"Pami\u0119tnik dziecka - Clesheo","og_description":"Pami\u0119tnik dziecka Oto ja, od narodzin do pi\u0105tego roku \u017cycia Clesheo Personalizowana ksi\u0105\u017ceczka, pami\u0119tnik ci\u0105\u017cy, kronika niemowlaka, z miejscem na opisy i zdj\u0119cia","og_url":"https:\/\/clesheo.pl\/en\/shop\/pamietnik-dziecka-oto-ja-niebieski\/","og_site_name":"Clesheo","article_modified_time":"2025-10-20T17:36:29+00:00","og_image":[{"width":600,"height":900,"url":"https:\/\/clesheo.pl\/wp-content\/uploads\/2023\/09\/Album-dziecka-pamietnik-clesheo-niebieski.jpg","type":"image\/jpeg"}],"twitter_card":"summary_large_image","twitter_misc":{"Est. reading time":"4 minutes"},"schema":{"@context":"https:\/\/schema.org","@graph":[{"@type":"WebPage","@id":"https:\/\/clesheo.pl\/en\/shop\/pamietnik-dziecka-oto-ja-niebieski\/","url":"https:\/\/clesheo.pl\/en\/shop\/pamietnik-dziecka-oto-ja-niebieski\/","name":"Pami\u0119tnik dziecka - Clesheo","isPartOf":{"@id":"https:\/\/clesheo.pl\/#website"},"primaryImageOfPage":{"@id":"https:\/\/clesheo.pl\/en\/shop\/pamietnik-dziecka-oto-ja-niebieski\/#primaryimage"},"image":{"@id":"https:\/\/clesheo.pl\/en\/shop\/pamietnik-dziecka-oto-ja-niebieski\/#primaryimage"},"thumbnailUrl":"https:\/\/clesheo.pl\/wp-content\/uploads\/2023\/09\/Album-dziecka-pamietnik-clesheo-niebieski.jpg","datePublished":"2023-09-22T09:01:31+00:00","dateModified":"2025-10-20T17:36:29+00:00","description":"Pami\u0119tnik dziecka Oto ja, od narodzin do pi\u0105tego roku \u017cycia Clesheo Personalizowana ksi\u0105\u017ceczka, pami\u0119tnik ci\u0105\u017cy, kronika niemowlaka, z miejscem na opisy i zdj\u0119cia","breadcrumb":{"@id":"https:\/\/clesheo.pl\/en\/shop\/pamietnik-dziecka-oto-ja-niebieski\/#breadcrumb"},"inLanguage":"en-US","potentialAction":[{"@type":"ReadAction","target":["https:\/\/clesheo.pl\/en\/shop\/pamietnik-dziecka-oto-ja-niebieski\/"]}]},{"@type":"ImageObject","inLanguage":"en-US","@id":"https:\/\/clesheo.pl\/en\/shop\/pamietnik-dziecka-oto-ja-niebieski\/#primaryimage","url":"https:\/\/clesheo.pl\/wp-content\/uploads\/2023\/09\/Album-dziecka-pamietnik-clesheo-niebieski.jpg","contentUrl":"https:\/\/clesheo.pl\/wp-content\/uploads\/2023\/09\/Album-dziecka-pamietnik-clesheo-niebieski.jpg","width":600,"height":900,"caption":"kronika dziecka, pami\u0119tnik noworodka, album dla dziecka"},{"@type":"BreadcrumbList","@id":"https:\/\/clesheo.pl\/en\/shop\/pamietnik-dziecka-oto-ja-niebieski\/#breadcrumb","itemListElement":[{"@type":"ListItem","position":1,"name":"Strona g\u0142\u00f3wna","item":"https:\/\/clesheo.pl\/"},{"@type":"ListItem","position":2,"name":"Sklep","item":"https:\/\/clesheo.pl\/sklep\/"},{"@type":"ListItem","position":3,"name":"Pami\u0119tnik dziecka Oto ja &#8211; niebieski pastelowy"}]},{"@type":"WebSite","@id":"https:\/\/clesheo.pl\/#website","url":"https:\/\/clesheo.pl\/","name":"Clesheo","description":"","potentialAction":[{"@type":"SearchAction","target":{"@type":"EntryPoint","urlTemplate":"https:\/\/clesheo.pl\/?s={search_term_string}"},"query-input":{"@type":"PropertyValueSpecification","valueRequired":true,"valueName":"search_term_string"}}],"inLanguage":"en-US"}]}},"_links":{"self":[{"href":"https:\/\/clesheo.pl\/en\/wp-json\/wp\/v2\/product\/13918","targetHints":{"allow":["GET"]}}],"collection":[{"href":"https:\/\/clesheo.pl\/en\/wp-json\/wp\/v2\/product"}],"about":[{"href":"https:\/\/clesheo.pl\/en\/wp-json\/wp\/v2\/types\/product"}],"replies":[{"embeddable":true,"href":"https:\/\/clesheo.pl\/en\/wp-json\/wp\/v2\/comments?post=13918"}],"wp:featuredmedia":[{"embeddable":true,"href":"https:\/\/clesheo.pl\/en\/wp-json\/wp\/v2\/media\/13926"}],"wp:attachment":[{"href":"https:\/\/clesheo.pl\/en\/wp-json\/wp\/v2\/media?parent=13918"}],"wp:term":[{"taxonomy":"product_brand","embeddable":true,"href":"https:\/\/clesheo.pl\/en\/wp-json\/wp\/v2\/product_brand?post=13918"},{"taxonomy":"product_cat","embeddable":true,"href":"https:\/\/clesheo.pl\/en\/wp-json\/wp\/v2\/product_cat?post=13918"},{"taxonomy":"product_tag","embeddable":true,"href":"https:\/\/clesheo.pl\/en\/wp-json\/wp\/v2\/product_tag?post=13918"}],"curies":[{"name":"wp","href":"https:\/\/api.w.org\/{rel}","templated":true}]}}