{"id":14105,"date":"2023-11-09T15:08:00","date_gmt":"2023-11-09T14:08:00","guid":{"rendered":"https:\/\/clesheo.pl\/?post_type=product&#038;p=14105"},"modified":"2025-05-28T22:13:01","modified_gmt":"2025-05-28T20:13:01","slug":"album-na-zdjecia-beda-mama","status":"publish","type":"product","link":"https:\/\/clesheo.pl\/en\/shop\/album-na-zdjecia-beda-mama\/","title":{"rendered":"Album na zdj\u0119cia b\u0119d\u0105 MAM\u0104"},"content":{"rendered":"<h6>Album na zdj\u0119cia b\u0119d\u0105 MAM\u0104<\/h6>\n<p>Pora na za\u0142o\u017cenie ksi\u0119gi wspomnie\u0144 ci\u0105\u017cowych? Gratulacje! <3\n\nTworzenie albumu z ci\u0105\u017cy to \u015bwietny pomys\u0142, pe\u0142en emocji i wspomnie\u0144. Mo\u017cesz rozwa\u017cy\u0107 zorganizowanie zdj\u0119\u0107 chronologicznie, aby \u015bledzi\u0107 rozw\u00f3j brzuszka i r\u00f3\u017cne etapy ci\u0105\u017cy. Dodaj notatki lub opisy do zdj\u0119\u0107 i przechowuj w jednym miejscu pami\u0105tki ci\u0105\u017cy aby\u015b za kilka lat mog\u0142a wr\u00f3ci\u0107 do albumu i przypomnie\u0107 sobie wszystkie szczeg\u00f3\u0142y. Mo\u017cesz tak\u017ce uwzgl\u0119dni\u0107 zdj\u0119cia z wyj\u0105tkowych chwil, jak np. przygotowania pokoju dla dziecka czy chwile rado\u015bci podczas bada\u0144 prenatalnych. W ko\u0144cu, to Twoje wspomnienia, wi\u0119c niech Tw\u00f3j album B\u0119d\u0119 MAM\u0104 odzwierciedla pi\u0119kno tego wyj\u0105tkowego czasu w Twoim \u017cyciu.\n\n\n<h6>Parametry albumu:<\/h6>\n<p>Zdecyduj o formacie, do wyboru masz 40, 60 lub 100 stron.<\/p>\n<p>Strony: czarne lub \u015bmietankowe<\/p>\n<p>Karty oddzielone s\u0105 od siebie pergaminem, kt\u00f3ry dzia\u0142a jak rodzaj barierki, chroni\u0105c zdj\u0119cia przed przypadkowym zgnieceniem czy przylepieniem do siebie. To tak\u017ce ma\u0142y detal, kt\u00f3ry sprawi, \u017ce tw\u00f3j album stanie si\u0119 nie tylko zbiorem wspomnie\u0144, ale tak\u017ce estetycznym dzie\u0142em sztuki.<\/p>\n<h6>Kolor oprawy:<\/h6>\n<p>Do wyboru &#8211; do koloru<\/p>\n<p>Elegancka, p\u0142\u00f3cienna ok\u0142adka albumu wyst\u0119puje w kilku opcjach kolorystycznych. Wybrane przez nas kolory p\u0142\u00f3tna s\u0105 odpowiednie zar\u00f3wno dla ch\u0142opc\u00f3w jak i dziewczynek.\u00a0Wszystko zale\u017cy to od Twoich osobistych preferencji lub np.\u00a0 koncepcji wystroju pokoju dzieci\u0119cego. Kliknij na palet\u0119 i pozw\u00f3l si\u0119 ponie\u015b\u0107 inspiracji!<\/p>\n<h6>Rozmiar<\/h6>\n<p>30 cm x 30 cm<\/p>\n<p>Ten album ci\u0105\u017cowy zawiera wystarczaj\u0105co du\u017co miejsca, aby pomie\u015bci\u0107 wiele zdj\u0119\u0107, a jednocze\u015bnie album jest praktyczny do przechowywania. Taki kwadratowy format pozwala na kreatywne rozmieszczenie zdj\u0119\u0107 na stronach i dodanie r\u00f3\u017cnych element\u00f3w, takich jak notatki czy ozdobne detale.<\/p>\n<p>Ten wyj\u0105tkowy, elegancki album na zdj\u0119cia\u00a0 sprawdzi si\u0119 \u015bwietnie r\u00f3wnie\u017c jako prezent dla przysz\u0142ej mamy.<\/p>\n<p>Zainspiruj si\u0119 i zobacz nasze pomys\u0142y na tematy zdj\u0119\u0107, kt\u00f3re mog\u0105 wyl\u0105dowa\u0107 w tym albumie:<\/p>\n<ul>\n<li>Zdj\u0119cia rozwijaj\u0105cego si\u0119 brzucha w r\u00f3\u017cnych etapach ci\u0105\u017cy.<\/li>\n<li>Chwile rado\u015bci i emocje zwi\u0105zane z oczekiwaniem na dziecko.<\/li>\n<li>Przygotowania do pokoju dziecka, zakupy dla niemowlaka.<\/li>\n<li>Zdj\u0119cia z sesji zdj\u0119ciowej ci\u0105\u017cowej.<\/li>\n<li>Zapisywanie wyj\u0105tkowych moment\u00f3w, takich jak pierwsze kopni\u0119cia dziecka.<\/li>\n<\/ul>\n<h6>Zwroty<\/h6>\n<p>Personalizowane produkty takie jak ten album dla przysz\u0142ej mamy s\u0105 tworzone na zam\u00f3wienie zgodnie z preferencjami klienta i nie podlegaj\u0105 zwrotom.\u00a0 Dlatego wa\u017cne jest, aby przed zam\u00f3wieniem dok\u0142adnie sprawdzi\u0107 zam\u00f3wienie i upewni\u0107 si\u0119, \u017ce s\u0105 one zgodne z oczekiwaniami.<\/p>\n<h6>CZAS REALIZACJI ZAM\u00d3WIE\u0143<\/h6>\n<p>Oko\u0142o 10 dni roboczych + wysy\u0142ka kurierska.<\/p>\n<div id=\"attachment_13759\" style=\"width: 310px\"  class=\"wp-caption alignnone\"><a href=\"https:\/\/clesheo.pl\/shop\/album-na-zdjecia-dziecka-z-kwiatami-oto-ja-clesheo\/\"><img decoding=\"async\" class=\"wp-image-13759 size-medium lazyload\" data-src=\"https:\/\/clesheo.pl\/wp-content\/uploads\/2023\/03\/Album-na-zdjecia-dziecka-300x300.jpg\" alt=\"Album noworodka pierwszy na zdj\u0119cia wklejane\" width=\"300\" height=\"300\" data-srcset=\"https:\/\/clesheo.pl\/wp-content\/uploads\/2023\/03\/Album-na-zdjecia-dziecka-300x300.jpg 300w, https:\/\/clesheo.pl\/wp-content\/uploads\/2023\/03\/Album-na-zdjecia-dziecka-150x150.jpg 150w, https:\/\/clesheo.pl\/wp-content\/uploads\/2023\/03\/Album-na-zdjecia-dziecka-100x100.jpg 100w, https:\/\/clesheo.pl\/wp-content\/uploads\/2023\/03\/Album-na-zdjecia-dziecka.jpg 486w\" data-sizes=\"(max-width: 300px) 100vw, 300px\" src=\"data:image\/svg+xml;base64,PHN2ZyB3aWR0aD0iMSIgaGVpZ2h0PSIxIiB4bWxucz0iaHR0cDovL3d3dy53My5vcmcvMjAwMC9zdmciPjwvc3ZnPg==\" style=\"--smush-placeholder-width: 300px; --smush-placeholder-aspect-ratio: 300\/300;\" \/><\/a><p class=\"wp-caption-text\">Album noworodka pierwszy na zdj\u0119cia wklejane<\/p><\/div>\n<p>Obserwuj nas na Instagramie i b\u0105d\u017a na bie\u017c\u0105co z promocjami<\/p>\n<div id=\"attachment_13275\" style=\"width: 310px\"  class=\"wp-caption alignnone\"><a href=\"http:\/\/instagram.pl\/clesheo\/\"><img decoding=\"async\" class=\"wp-image-13275 size-medium lazyload\" data-src=\"https:\/\/clesheo.pl\/wp-content\/uploads\/2022\/12\/Slider-300x257.jpg\" alt=\"pierwszy album dziecka\" width=\"300\" height=\"257\" data-srcset=\"https:\/\/clesheo.pl\/wp-content\/uploads\/2022\/12\/Slider-300x257.jpg 300w, https:\/\/clesheo.pl\/wp-content\/uploads\/2022\/12\/Slider-1024x877.jpg 1024w, https:\/\/clesheo.pl\/wp-content\/uploads\/2022\/12\/Slider-768x658.jpg 768w, https:\/\/clesheo.pl\/wp-content\/uploads\/2022\/12\/Slider-600x514.jpg 600w, https:\/\/clesheo.pl\/wp-content\/uploads\/2022\/12\/Slider.jpg 1200w\" data-sizes=\"(max-width: 300px) 100vw, 300px\" src=\"data:image\/svg+xml;base64,PHN2ZyB3aWR0aD0iMSIgaGVpZ2h0PSIxIiB4bWxucz0iaHR0cDovL3d3dy53My5vcmcvMjAwMC9zdmciPjwvc3ZnPg==\" style=\"--smush-placeholder-width: 300px; --smush-placeholder-aspect-ratio: 300\/257;\" \/><\/a><p class=\"wp-caption-text\">pierwszy album dziecka<br \/>Clesheo instagram<\/p><\/div>\n<div id=\"attachment_13837\" style=\"width: 242px\"  class=\"wp-caption alignnone\"><a href=\"https:\/\/clesheo.pl\/shop\/oh-baby-album-dziecka-clesheo\/\"><img decoding=\"async\" class=\"wp-image-13837 size-medium lazyload\" title=\"Oh baby album\" data-src=\"https:\/\/clesheo.pl\/wp-content\/uploads\/2023\/03\/Oh-baby-album-dziecka-kronika-232x300.jpg\" alt=\"Oh baby album dziecka\" width=\"232\" height=\"300\" data-srcset=\"https:\/\/clesheo.pl\/wp-content\/uploads\/2023\/03\/Oh-baby-album-dziecka-kronika-232x300.jpg 232w, https:\/\/clesheo.pl\/wp-content\/uploads\/2023\/03\/Oh-baby-album-dziecka-kronika-792x1024.jpg 792w, https:\/\/clesheo.pl\/wp-content\/uploads\/2023\/03\/Oh-baby-album-dziecka-kronika-768x993.jpg 768w, https:\/\/clesheo.pl\/wp-content\/uploads\/2023\/03\/Oh-baby-album-dziecka-kronika-600x776.jpg 600w, https:\/\/clesheo.pl\/wp-content\/uploads\/2023\/03\/Oh-baby-album-dziecka-kronika.jpg 800w\" data-sizes=\"(max-width: 232px) 100vw, 232px\" src=\"data:image\/svg+xml;base64,PHN2ZyB3aWR0aD0iMSIgaGVpZ2h0PSIxIiB4bWxucz0iaHR0cDovL3d3dy53My5vcmcvMjAwMC9zdmciPjwvc3ZnPg==\" style=\"--smush-placeholder-width: 232px; --smush-placeholder-aspect-ratio: 232\/300;\" \/><\/a><p class=\"wp-caption-text\">Oh baby album dziecka<\/p><\/div>\n<p>&nbsp;<\/p>\n","protected":false},"excerpt":{"rendered":"<h6>Album na zdj\u0119cia b\u0119d\u0105 MAM\u0104<\/h6>\n<p>Dodaj notatki lub opisy do zdj\u0119\u0107, aby\u015b za kilka lat mog\u0142a wr\u00f3ci\u0107 do albumu i przypomnie\u0107 sobie wszystkie szczeg\u00f3\u0142y.<\/p>\n<p>Oprawa p\u0142\u00f3cienna, 40, 60 lub 100 stron przek\u0142adanych fakturowanym pergaminem, karty czarne lub \u015bmietankowe.<\/p>\n","protected":false},"featured_media":14130,"comment_status":"open","ping_status":"closed","template":"","meta":[],"product_brand":[],"product_cat":[51],"product_tag":[],"class_list":{"0":"post-14105","1":"product","2":"type-product","3":"status-publish","4":"has-post-thumbnail","6":"product_cat-personalizowany-album-na-zdjecia","8":"first","9":"instock","10":"shipping-taxable","11":"purchasable","12":"product-type-variable"},"yoast_head":"<!-- This site is optimized with the Yoast SEO plugin v23.6 - https:\/\/yoast.com\/wordpress\/plugins\/seo\/ -->\n<title>Album na zdj\u0119cia b\u0119d\u0105 MAM\u0104<\/title>\n<meta name=\"description\" content=\"Album na zdj\u0119cia wklejane B\u0119d\u0119 MAM\u0104 Dodaj notatki lub opisy do zdj\u0119\u0107, aby\u015b za kilka lat mog\u0142a wr\u00f3ci\u0107 do albumu i przypomnie\u0107 sobie wszystkie szczeg\u00f3\u0142y.\" \/>\n<meta name=\"robots\" content=\"index, follow, max-snippet:-1, max-image-preview:large, max-video-preview:-1\" \/>\n<link rel=\"canonical\" href=\"https:\/\/clesheo.pl\/en\/shop\/album-na-zdjecia-beda-mama\/\" \/>\n<meta property=\"og:locale\" content=\"en_US\" \/>\n<meta property=\"og:locale:alternate\" content=\"pl_PL\" \/>\n<meta property=\"og:type\" content=\"article\" \/>\n<meta property=\"og:title\" content=\"Album na zdj\u0119cia b\u0119d\u0105 MAM\u0104\" \/>\n<meta property=\"og:description\" content=\"Album na zdj\u0119cia wklejane B\u0119d\u0119 MAM\u0104 Dodaj notatki lub opisy do zdj\u0119\u0107, aby\u015b za kilka lat mog\u0142a wr\u00f3ci\u0107 do albumu i przypomnie\u0107 sobie wszystkie szczeg\u00f3\u0142y.\" \/>\n<meta property=\"og:url\" content=\"https:\/\/clesheo.pl\/en\/shop\/album-na-zdjecia-beda-mama\/\" \/>\n<meta property=\"og:site_name\" content=\"Clesheo\" \/>\n<meta property=\"article:modified_time\" content=\"2025-05-28T20:13:01+00:00\" \/>\n<meta property=\"og:image\" content=\"https:\/\/clesheo.pl\/wp-content\/uploads\/2023\/11\/bede-mama-album-na-zdjecia-prezent-na-baby-shower-1.jpg\" \/>\n\t<meta property=\"og:image:width\" content=\"1000\" \/>\n\t<meta property=\"og:image:height\" content=\"667\" \/>\n\t<meta property=\"og:image:type\" content=\"image\/jpeg\" \/>\n<meta name=\"twitter:card\" content=\"summary_large_image\" \/>\n<meta name=\"twitter:label1\" content=\"Est. reading time\" \/>\n\t<meta name=\"twitter:data1\" content=\"4 minutes\" \/>\n<script type=\"application\/ld+json\" class=\"yoast-schema-graph\">{\"@context\":\"https:\/\/schema.org\",\"@graph\":[{\"@type\":\"WebPage\",\"@id\":\"https:\/\/clesheo.pl\/shop\/album-na-zdjecia-beda-mama\/\",\"url\":\"https:\/\/clesheo.pl\/shop\/album-na-zdjecia-beda-mama\/\",\"name\":\"Album na zdj\u0119cia b\u0119d\u0105 MAM\u0104\",\"isPartOf\":{\"@id\":\"https:\/\/clesheo.pl\/#website\"},\"primaryImageOfPage\":{\"@id\":\"https:\/\/clesheo.pl\/shop\/album-na-zdjecia-beda-mama\/#primaryimage\"},\"image\":{\"@id\":\"https:\/\/clesheo.pl\/shop\/album-na-zdjecia-beda-mama\/#primaryimage\"},\"thumbnailUrl\":\"https:\/\/clesheo.pl\/wp-content\/uploads\/2023\/11\/bede-mama-album-na-zdjecia-prezent-na-baby-shower-1.jpg\",\"datePublished\":\"2023-11-09T14:08:00+00:00\",\"dateModified\":\"2025-05-28T20:13:01+00:00\",\"description\":\"Album na zdj\u0119cia wklejane B\u0119d\u0119 MAM\u0104 Dodaj notatki lub opisy do zdj\u0119\u0107, aby\u015b za kilka lat mog\u0142a wr\u00f3ci\u0107 do albumu i przypomnie\u0107 sobie wszystkie szczeg\u00f3\u0142y.\",\"breadcrumb\":{\"@id\":\"https:\/\/clesheo.pl\/shop\/album-na-zdjecia-beda-mama\/#breadcrumb\"},\"inLanguage\":\"en-US\",\"potentialAction\":[{\"@type\":\"ReadAction\",\"target\":[\"https:\/\/clesheo.pl\/shop\/album-na-zdjecia-beda-mama\/\"]}]},{\"@type\":\"ImageObject\",\"inLanguage\":\"en-US\",\"@id\":\"https:\/\/clesheo.pl\/shop\/album-na-zdjecia-beda-mama\/#primaryimage\",\"url\":\"https:\/\/clesheo.pl\/wp-content\/uploads\/2023\/11\/bede-mama-album-na-zdjecia-prezent-na-baby-shower-1.jpg\",\"contentUrl\":\"https:\/\/clesheo.pl\/wp-content\/uploads\/2023\/11\/bede-mama-album-na-zdjecia-prezent-na-baby-shower-1.jpg\",\"width\":1000,\"height\":667,\"caption\":\"Album na zdj\u0119cia z czasu ci\u0105\u017cy\"},{\"@type\":\"BreadcrumbList\",\"@id\":\"https:\/\/clesheo.pl\/shop\/album-na-zdjecia-beda-mama\/#breadcrumb\",\"itemListElement\":[{\"@type\":\"ListItem\",\"position\":1,\"name\":\"Strona g\u0142\u00f3wna\",\"item\":\"https:\/\/clesheo.pl\/\"},{\"@type\":\"ListItem\",\"position\":2,\"name\":\"Sklep\",\"item\":\"https:\/\/clesheo.pl\/sklep\/\"},{\"@type\":\"ListItem\",\"position\":3,\"name\":\"Album na zdj\u0119cia b\u0119d\u0105 MAM\u0104\"}]},{\"@type\":\"WebSite\",\"@id\":\"https:\/\/clesheo.pl\/#website\",\"url\":\"https:\/\/clesheo.pl\/\",\"name\":\"Clesheo\",\"description\":\"\",\"potentialAction\":[{\"@type\":\"SearchAction\",\"target\":{\"@type\":\"EntryPoint\",\"urlTemplate\":\"https:\/\/clesheo.pl\/?s={search_term_string}\"},\"query-input\":{\"@type\":\"PropertyValueSpecification\",\"valueRequired\":true,\"valueName\":\"search_term_string\"}}],\"inLanguage\":\"en-US\"}]}<\/script>\n<!-- \/ Yoast SEO plugin. -->","yoast_head_json":{"title":"Album na zdj\u0119cia b\u0119d\u0105 MAM\u0104","description":"Album na zdj\u0119cia wklejane B\u0119d\u0119 MAM\u0104 Dodaj notatki lub opisy do zdj\u0119\u0107, aby\u015b za kilka lat mog\u0142a wr\u00f3ci\u0107 do albumu i przypomnie\u0107 sobie wszystkie szczeg\u00f3\u0142y.","robots":{"index":"index","follow":"follow","max-snippet":"max-snippet:-1","max-image-preview":"max-image-preview:large","max-video-preview":"max-video-preview:-1"},"canonical":"https:\/\/clesheo.pl\/en\/shop\/album-na-zdjecia-beda-mama\/","og_locale":"en_US","og_type":"article","og_title":"[:pl]Album na zdj\u0119cia b\u0119d\u0105 MAM\u0104[:] - Clesheo","og_description":"Album na zdj\u0119cia wklejane B\u0119d\u0119 MAM\u0104 Dodaj notatki lub opisy do zdj\u0119\u0107, aby\u015b za kilka lat mog\u0142a wr\u00f3ci\u0107 do albumu i przypomnie\u0107 sobie wszystkie szczeg\u00f3\u0142y.","og_url":"https:\/\/clesheo.pl\/en\/shop\/album-na-zdjecia-beda-mama\/","og_site_name":"Clesheo","article_modified_time":"2025-05-28T20:13:01+00:00","og_image":[{"width":1000,"height":667,"url":"https:\/\/clesheo.pl\/wp-content\/uploads\/2023\/11\/bede-mama-album-na-zdjecia-prezent-na-baby-shower-1.jpg","type":"image\/jpeg"}],"twitter_card":"summary_large_image","twitter_misc":{"Est. reading time":"4 minutes"},"schema":{"@context":"https:\/\/schema.org","@graph":[{"@type":"WebPage","@id":"https:\/\/clesheo.pl\/shop\/album-na-zdjecia-beda-mama\/","url":"https:\/\/clesheo.pl\/shop\/album-na-zdjecia-beda-mama\/","name":"Album na zdj\u0119cia b\u0119d\u0105 MAM\u0104","isPartOf":{"@id":"https:\/\/clesheo.pl\/#website"},"primaryImageOfPage":{"@id":"https:\/\/clesheo.pl\/shop\/album-na-zdjecia-beda-mama\/#primaryimage"},"image":{"@id":"https:\/\/clesheo.pl\/shop\/album-na-zdjecia-beda-mama\/#primaryimage"},"thumbnailUrl":"https:\/\/clesheo.pl\/wp-content\/uploads\/2023\/11\/bede-mama-album-na-zdjecia-prezent-na-baby-shower-1.jpg","datePublished":"2023-11-09T14:08:00+00:00","dateModified":"2025-05-28T20:13:01+00:00","description":"Album na zdj\u0119cia wklejane B\u0119d\u0119 MAM\u0104 Dodaj notatki lub opisy do zdj\u0119\u0107, aby\u015b za kilka lat mog\u0142a wr\u00f3ci\u0107 do albumu i przypomnie\u0107 sobie wszystkie szczeg\u00f3\u0142y.","breadcrumb":{"@id":"https:\/\/clesheo.pl\/shop\/album-na-zdjecia-beda-mama\/#breadcrumb"},"inLanguage":"en-US","potentialAction":[{"@type":"ReadAction","target":["https:\/\/clesheo.pl\/shop\/album-na-zdjecia-beda-mama\/"]}]},{"@type":"ImageObject","inLanguage":"en-US","@id":"https:\/\/clesheo.pl\/shop\/album-na-zdjecia-beda-mama\/#primaryimage","url":"https:\/\/clesheo.pl\/wp-content\/uploads\/2023\/11\/bede-mama-album-na-zdjecia-prezent-na-baby-shower-1.jpg","contentUrl":"https:\/\/clesheo.pl\/wp-content\/uploads\/2023\/11\/bede-mama-album-na-zdjecia-prezent-na-baby-shower-1.jpg","width":1000,"height":667,"caption":"Album na zdj\u0119cia z czasu ci\u0105\u017cy"},{"@type":"BreadcrumbList","@id":"https:\/\/clesheo.pl\/shop\/album-na-zdjecia-beda-mama\/#breadcrumb","itemListElement":[{"@type":"ListItem","position":1,"name":"Strona g\u0142\u00f3wna","item":"https:\/\/clesheo.pl\/"},{"@type":"ListItem","position":2,"name":"Sklep","item":"https:\/\/clesheo.pl\/sklep\/"},{"@type":"ListItem","position":3,"name":"Album na zdj\u0119cia b\u0119d\u0105 MAM\u0104"}]},{"@type":"WebSite","@id":"https:\/\/clesheo.pl\/#website","url":"https:\/\/clesheo.pl\/","name":"Clesheo","description":"","potentialAction":[{"@type":"SearchAction","target":{"@type":"EntryPoint","urlTemplate":"https:\/\/clesheo.pl\/?s={search_term_string}"},"query-input":{"@type":"PropertyValueSpecification","valueRequired":true,"valueName":"search_term_string"}}],"inLanguage":"en-US"}]}},"_links":{"self":[{"href":"https:\/\/clesheo.pl\/en\/wp-json\/wp\/v2\/product\/14105","targetHints":{"allow":["GET"]}}],"collection":[{"href":"https:\/\/clesheo.pl\/en\/wp-json\/wp\/v2\/product"}],"about":[{"href":"https:\/\/clesheo.pl\/en\/wp-json\/wp\/v2\/types\/product"}],"replies":[{"embeddable":true,"href":"https:\/\/clesheo.pl\/en\/wp-json\/wp\/v2\/comments?post=14105"}],"wp:featuredmedia":[{"embeddable":true,"href":"https:\/\/clesheo.pl\/en\/wp-json\/wp\/v2\/media\/14130"}],"wp:attachment":[{"href":"https:\/\/clesheo.pl\/en\/wp-json\/wp\/v2\/media?parent=14105"}],"wp:term":[{"taxonomy":"product_brand","embeddable":true,"href":"https:\/\/clesheo.pl\/en\/wp-json\/wp\/v2\/product_brand?post=14105"},{"taxonomy":"product_cat","embeddable":true,"href":"https:\/\/clesheo.pl\/en\/wp-json\/wp\/v2\/product_cat?post=14105"},{"taxonomy":"product_tag","embeddable":true,"href":"https:\/\/clesheo.pl\/en\/wp-json\/wp\/v2\/product_tag?post=14105"}],"curies":[{"name":"wp","href":"https:\/\/api.w.org\/{rel}","templated":true}]}}