{"id":6604,"date":"2020-02-03T09:44:26","date_gmt":"2020-02-03T08:44:26","guid":{"rendered":"https:\/\/clesheo.pl\/?post_type=product&#038;p=6604"},"modified":"2023-01-04T08:46:13","modified_gmt":"2023-01-04T07:46:13","slug":"album-dziecka-bialo-szary-clesheo-pamietnik-od-narodzin","status":"publish","type":"product","link":"https:\/\/clesheo.pl\/en\/shop\/album-dziecka-bialo-szary-clesheo-pamietnik-od-narodzin\/","title":{"rendered":"Album dziecka &#8211; Biel i szaro\u015b\u0107"},"content":{"rendered":"<h5><\/h5>\n<h5>Styl albumu<\/h5>\n<p>Minimalistyczny i przejrzysty &#8211; tak w dw\u00f3ch s\u0142owach mo\u017cna opisa\u0107 ten album. Odpowiedni zar\u00f3wno dla ch\u0142opca jak i dziewycznki. Grafika ozdabiaj\u0105ca pami\u0119tnik zosta\u0142a umieszczona tylko na pierwszej i ostatniej stronie, pozosta\u0142e karty b\u0119d\u0105 zdobi\u0107 zdj\u0119cia dziecka oraz zapiski rodzic\u00f3w.<\/p>\n<h5>Format:<\/h5>\n<p>Zdecyduj sama, czy bardziej odpowiedni b\u0119dzie dla Ciebie du\u017cy format albumu: 30 cm x 30 cm, czy mniejszy 20 cm x 30 cm.<\/p>\n<h5>Ok\u0142adka:<\/h5>\n<p>Do wyboru pozostawiamy r\u00f3wnie\u017c wygl\u0105d ok\u0142adki, kt\u00f3ra mo\u017ce by\u0107 b\u0142yszcz\u0105ca lub matowa. Dodatkowo polecamy uszlachetnienie ok\u0142adki poprzez skorzystanie z opcji watowania. Watowanie sprawia, \u017ce ok\u0142adka staje si\u0119 nieco grubsza.<\/p>\n<h5>Imi\u0119 dziecka na ok\u0142adce:<\/h5>\n<p>To punkt, kt\u00f3ry wyr\u00f3\u017cnia albumy Clesheo w\u015br\u00f3d innych dost\u0119pnych pami\u0119tnik\u00f3w. Wiemy jak wa\u017cn\u0105 decyzj\u0105 jest wyb\u00f3r imienia dla dziecka. Prezentacja albumu rodzinie i bliskim mo\u017ce by\u0107 fajnym sposobem\u00a0 na podzielenie si\u0119 swoim wyborem co do imienia potomka. Dzi\u0119ki personalizacji album staje si\u0119 wyj\u0105tkow\u0105 i oryginaln\u0105 pami\u0105tk\u0105.<\/p>\n<h5>Spis tre\u015bci:<\/h5>\n<p>~ Moi rodzice ~ W brzuszku mamy ~ Moje narodziny ~ \u015awiat w dniu moich narodzin ~ Pierwsze dni w domku ~ M\u00f3j pierwszy raz ~ Moje pierwsze posi\u0142ki ~ \u015alady Pory roku ~ Moja pierwsza Gwiazdka ~ Moje pierwsze wakacje ~ Moje pierwsze urodziny ~ Mam ju\u017c rok ~ Mam dwa latka ~ R\u00f3\u017cne ciekawostki z mojego \u017cycia<\/p>\n<h5>Czas realizacji zam\u00f3wienia:<\/h5>\n<p>7-10 dni roboczych + wysy\u0142ka.<\/p>\n<p>Prosimy o dokonywanie przemy\u015blanych zakup\u00f3w \u2013 ze wzgl\u0119du na fakt, \u017ce album dziecka tworzony jest na zam\u00f3wienie \u2013 nie podlega zwrotowi.<\/p>\n<h6><strong>INNE KRONIKI I PREZENTY DLA DZIECI<\/strong><\/h6>\n<p>Zobacz te\u017c pozosta\u0142e albumy dla noworodk\u00f3w dost\u0119pne w naszym sklepie online\u00a0<a href=\"https:\/\/clesheo.pl\/product-category\/pamietniki\/\">https:\/\/clesheo.pl\/product-category\/pamietniki\/<\/a><\/p>\n<h6><strong>SZUKASZ PREZENTU IDEALNEGO?<\/strong><\/h6>\n<p>Je\u015bli album ma by\u0107 prezentem dla bliskiej Ci osoby, kt\u00f3ra oczekuje dziecka, a Ty nie jeste\u015b do ko\u0144ca pewna, kt\u00f3ra kronika dla maluszka najbardziej ucieszy przysz\u0142\u0105 mam\u0119, mo\u017cesz rozwa\u017cy\u0107 mo\u017cliwo\u015b\u0107 ofiarowania w prezencie bonu podarunkowego, co niew\u0105tpliwie u\u0142atwi Ci zadanie. Bon podarunkowy kupisz tu\u00a0\u00a0<a href=\"https:\/\/clesheo.pl\/shop\/e-karta-podarunkowa-2\/\">https:\/\/clesheo.pl\/shop\/e-karta-podarunkowa-2\/<\/a><\/p>\n<p>Odwied\u017a nas na instagramie:<a href=\"http:\/\/www.instagram.com\/clesheo\">http:\/\/www.instagram.com\/clesheo<\/a><\/p>\n","protected":false},"excerpt":{"rendered":"<p>Album dziecka, kt\u00f3ry pomo\u017ce rodzicom w uchwyceniu najwa\u017cniejszych wspomnie\u0144 i moment\u00f3w z pierwszych lat \u017cycia dziecka. 50 stron, szara czcionka. J\u0119zyk: polski, dwa formaty do wyboru, twarda oprawa, przek\u0142adka z motywem florystycznym,\u00a0 ok\u0142adka b\u0142yszcz\u0105ca lub matowa, bia\u0142a.<\/p>\n","protected":false},"featured_media":13239,"comment_status":"open","ping_status":"closed","template":"","meta":[],"product_brand":[],"product_cat":[],"product_tag":[238,229,230,232,266,154,268,267,93,94,123,131,120,98,150,247,250,226,124,125,121,133,132,126,58],"class_list":{"0":"post-6604","1":"product","2":"type-product","3":"status-publish","4":"has-post-thumbnail","6":"product_tag-album-dla-chlopca","7":"product_tag-album-dla-dziecka","8":"product_tag-album-dla-dziewczynki","9":"product_tag-album-dla-noworodka","10":"product_tag-album-do-uzupelniania","11":"product_tag-album-dziecka","12":"product_tag-album-moje-dziecinstwo","13":"product_tag-album-oh-baby","14":"product_tag-baby-book","15":"product_tag-baby-shower","16":"product_tag-clesheo","17":"product_tag-kronika-dziecka","18":"product_tag-kronika-maluszka","19":"product_tag-kronika","20":"product_tag-ksiazki-dla-dzieci","21":"product_tag-luxnote","22":"product_tag-moje-dziecinstwo","23":"product_tag-oh-baby","24":"product_tag-pamietnik-dziecka","25":"product_tag-pierwszy-rok","26":"product_tag-prezent-dla-mamy","27":"product_tag-prezent-dla-noworodka","28":"product_tag-prezent-na-baby-shower","29":"product_tag-roczek","30":"product_tag-prezent-na-urodziny","32":"first","33":"instock","34":"shipping-taxable","35":"purchasable","36":"product-type-variable"},"yoast_head":"<!-- This site is optimized with the Yoast SEO plugin v23.6 - https:\/\/yoast.com\/wordpress\/plugins\/seo\/ -->\n<title>Album dziecka bia\u0142o szary - Clesheo pami\u0119tnik od narodzin<\/title>\n<meta name=\"description\" content=\"Album dziecka z imieniem na ok\u0142adce, bia\u0142o szary, minimalistyczny, dla ch\u0142opca lub dziewczynki, pomo\u017ce w uchwyceniu najwa\u017cniejszych moment\u00f3w\" \/>\n<meta name=\"robots\" content=\"index, follow, max-snippet:-1, max-image-preview:large, max-video-preview:-1\" \/>\n<link rel=\"canonical\" href=\"https:\/\/clesheo.pl\/en\/shop\/album-dziecka-bialo-szary-clesheo-pamietnik-od-narodzin\/\" \/>\n<meta property=\"og:locale\" content=\"en_US\" \/>\n<meta property=\"og:locale:alternate\" content=\"pl_PL\" \/>\n<meta property=\"og:type\" content=\"article\" \/>\n<meta property=\"og:title\" content=\"Album dziecka bia\u0142o szary - Clesheo pami\u0119tnik od narodzin\" \/>\n<meta property=\"og:description\" content=\"Album dziecka z imieniem na ok\u0142adce, bia\u0142o szary, minimalistyczny, dla ch\u0142opca lub dziewczynki, pomo\u017ce w uchwyceniu najwa\u017cniejszych moment\u00f3w\" \/>\n<meta property=\"og:url\" content=\"https:\/\/clesheo.pl\/en\/shop\/album-dziecka-bialo-szary-clesheo-pamietnik-od-narodzin\/\" \/>\n<meta property=\"og:site_name\" content=\"Clesheo\" \/>\n<meta property=\"article:modified_time\" content=\"2023-01-04T07:46:13+00:00\" \/>\n<meta property=\"og:image\" content=\"https:\/\/clesheo.pl\/wp-content\/uploads\/2020\/02\/Pami\u0119tnik-dziecka-z-bia\u0142\u0105-ok\u0142adk\u0105.jpg\" \/>\n\t<meta property=\"og:image:width\" content=\"2000\" \/>\n\t<meta property=\"og:image:height\" content=\"1334\" \/>\n\t<meta property=\"og:image:type\" content=\"image\/jpeg\" \/>\n<meta name=\"twitter:card\" content=\"summary_large_image\" \/>\n<meta name=\"twitter:label1\" content=\"Est. reading time\" \/>\n\t<meta name=\"twitter:data1\" content=\"2 minutes\" \/>\n<script type=\"application\/ld+json\" class=\"yoast-schema-graph\">{\"@context\":\"https:\/\/schema.org\",\"@graph\":[{\"@type\":\"WebPage\",\"@id\":\"https:\/\/clesheo.pl\/en\/shop\/album-dziecka-bialo-szary-clesheo-pamietnik-od-narodzin\/\",\"url\":\"https:\/\/clesheo.pl\/en\/shop\/album-dziecka-bialo-szary-clesheo-pamietnik-od-narodzin\/\",\"name\":\"Album dziecka bia\u0142o szary - Clesheo pami\u0119tnik od narodzin\",\"isPartOf\":{\"@id\":\"https:\/\/clesheo.pl\/#website\"},\"primaryImageOfPage\":{\"@id\":\"https:\/\/clesheo.pl\/en\/shop\/album-dziecka-bialo-szary-clesheo-pamietnik-od-narodzin\/#primaryimage\"},\"image\":{\"@id\":\"https:\/\/clesheo.pl\/en\/shop\/album-dziecka-bialo-szary-clesheo-pamietnik-od-narodzin\/#primaryimage\"},\"thumbnailUrl\":\"https:\/\/clesheo.pl\/wp-content\/uploads\/2020\/02\/Pami\u0119tnik-dziecka-z-bia\u0142\u0105-ok\u0142adk\u0105.jpg\",\"datePublished\":\"2020-02-03T08:44:26+00:00\",\"dateModified\":\"2023-01-04T07:46:13+00:00\",\"description\":\"Album dziecka z imieniem na ok\u0142adce, bia\u0142o szary, minimalistyczny, dla ch\u0142opca lub dziewczynki, pomo\u017ce w uchwyceniu najwa\u017cniejszych moment\u00f3w\",\"breadcrumb\":{\"@id\":\"https:\/\/clesheo.pl\/en\/shop\/album-dziecka-bialo-szary-clesheo-pamietnik-od-narodzin\/#breadcrumb\"},\"inLanguage\":\"en-US\",\"potentialAction\":[{\"@type\":\"ReadAction\",\"target\":[\"https:\/\/clesheo.pl\/en\/shop\/album-dziecka-bialo-szary-clesheo-pamietnik-od-narodzin\/\"]}]},{\"@type\":\"ImageObject\",\"inLanguage\":\"en-US\",\"@id\":\"https:\/\/clesheo.pl\/en\/shop\/album-dziecka-bialo-szary-clesheo-pamietnik-od-narodzin\/#primaryimage\",\"url\":\"https:\/\/clesheo.pl\/wp-content\/uploads\/2020\/02\/Pami\u0119tnik-dziecka-z-bia\u0142\u0105-ok\u0142adk\u0105.jpg\",\"contentUrl\":\"https:\/\/clesheo.pl\/wp-content\/uploads\/2020\/02\/Pami\u0119tnik-dziecka-z-bia\u0142\u0105-ok\u0142adk\u0105.jpg\",\"width\":2000,\"height\":1334},{\"@type\":\"BreadcrumbList\",\"@id\":\"https:\/\/clesheo.pl\/en\/shop\/album-dziecka-bialo-szary-clesheo-pamietnik-od-narodzin\/#breadcrumb\",\"itemListElement\":[{\"@type\":\"ListItem\",\"position\":1,\"name\":\"Strona g\u0142\u00f3wna\",\"item\":\"https:\/\/clesheo.pl\/\"},{\"@type\":\"ListItem\",\"position\":2,\"name\":\"Sklep\",\"item\":\"https:\/\/clesheo.pl\/sklep\/\"},{\"@type\":\"ListItem\",\"position\":3,\"name\":\"Album dziecka &#8211; Biel i szaro\u015b\u0107\"}]},{\"@type\":\"WebSite\",\"@id\":\"https:\/\/clesheo.pl\/#website\",\"url\":\"https:\/\/clesheo.pl\/\",\"name\":\"Clesheo\",\"description\":\"\",\"potentialAction\":[{\"@type\":\"SearchAction\",\"target\":{\"@type\":\"EntryPoint\",\"urlTemplate\":\"https:\/\/clesheo.pl\/?s={search_term_string}\"},\"query-input\":{\"@type\":\"PropertyValueSpecification\",\"valueRequired\":true,\"valueName\":\"search_term_string\"}}],\"inLanguage\":\"en-US\"}]}<\/script>\n<!-- \/ Yoast SEO plugin. -->","yoast_head_json":{"title":"Album dziecka bia\u0142o szary - Clesheo pami\u0119tnik od narodzin","description":"Album dziecka z imieniem na ok\u0142adce, bia\u0142o szary, minimalistyczny, dla ch\u0142opca lub dziewczynki, pomo\u017ce w uchwyceniu najwa\u017cniejszych moment\u00f3w","robots":{"index":"index","follow":"follow","max-snippet":"max-snippet:-1","max-image-preview":"max-image-preview:large","max-video-preview":"max-video-preview:-1"},"canonical":"https:\/\/clesheo.pl\/en\/shop\/album-dziecka-bialo-szary-clesheo-pamietnik-od-narodzin\/","og_locale":"en_US","og_type":"article","og_title":"Album dziecka bia\u0142o szary - Clesheo pami\u0119tnik od narodzin","og_description":"Album dziecka z imieniem na ok\u0142adce, bia\u0142o szary, minimalistyczny, dla ch\u0142opca lub dziewczynki, pomo\u017ce w uchwyceniu najwa\u017cniejszych moment\u00f3w","og_url":"https:\/\/clesheo.pl\/en\/shop\/album-dziecka-bialo-szary-clesheo-pamietnik-od-narodzin\/","og_site_name":"Clesheo","article_modified_time":"2023-01-04T07:46:13+00:00","og_image":[{"width":2000,"height":1334,"url":"https:\/\/clesheo.pl\/wp-content\/uploads\/2020\/02\/Pami\u0119tnik-dziecka-z-bia\u0142\u0105-ok\u0142adk\u0105.jpg","type":"image\/jpeg"}],"twitter_card":"summary_large_image","twitter_misc":{"Est. reading time":"2 minutes"},"schema":{"@context":"https:\/\/schema.org","@graph":[{"@type":"WebPage","@id":"https:\/\/clesheo.pl\/en\/shop\/album-dziecka-bialo-szary-clesheo-pamietnik-od-narodzin\/","url":"https:\/\/clesheo.pl\/en\/shop\/album-dziecka-bialo-szary-clesheo-pamietnik-od-narodzin\/","name":"Album dziecka bia\u0142o szary - Clesheo pami\u0119tnik od narodzin","isPartOf":{"@id":"https:\/\/clesheo.pl\/#website"},"primaryImageOfPage":{"@id":"https:\/\/clesheo.pl\/en\/shop\/album-dziecka-bialo-szary-clesheo-pamietnik-od-narodzin\/#primaryimage"},"image":{"@id":"https:\/\/clesheo.pl\/en\/shop\/album-dziecka-bialo-szary-clesheo-pamietnik-od-narodzin\/#primaryimage"},"thumbnailUrl":"https:\/\/clesheo.pl\/wp-content\/uploads\/2020\/02\/Pami\u0119tnik-dziecka-z-bia\u0142\u0105-ok\u0142adk\u0105.jpg","datePublished":"2020-02-03T08:44:26+00:00","dateModified":"2023-01-04T07:46:13+00:00","description":"Album dziecka z imieniem na ok\u0142adce, bia\u0142o szary, minimalistyczny, dla ch\u0142opca lub dziewczynki, pomo\u017ce w uchwyceniu najwa\u017cniejszych moment\u00f3w","breadcrumb":{"@id":"https:\/\/clesheo.pl\/en\/shop\/album-dziecka-bialo-szary-clesheo-pamietnik-od-narodzin\/#breadcrumb"},"inLanguage":"en-US","potentialAction":[{"@type":"ReadAction","target":["https:\/\/clesheo.pl\/en\/shop\/album-dziecka-bialo-szary-clesheo-pamietnik-od-narodzin\/"]}]},{"@type":"ImageObject","inLanguage":"en-US","@id":"https:\/\/clesheo.pl\/en\/shop\/album-dziecka-bialo-szary-clesheo-pamietnik-od-narodzin\/#primaryimage","url":"https:\/\/clesheo.pl\/wp-content\/uploads\/2020\/02\/Pami\u0119tnik-dziecka-z-bia\u0142\u0105-ok\u0142adk\u0105.jpg","contentUrl":"https:\/\/clesheo.pl\/wp-content\/uploads\/2020\/02\/Pami\u0119tnik-dziecka-z-bia\u0142\u0105-ok\u0142adk\u0105.jpg","width":2000,"height":1334},{"@type":"BreadcrumbList","@id":"https:\/\/clesheo.pl\/en\/shop\/album-dziecka-bialo-szary-clesheo-pamietnik-od-narodzin\/#breadcrumb","itemListElement":[{"@type":"ListItem","position":1,"name":"Strona g\u0142\u00f3wna","item":"https:\/\/clesheo.pl\/"},{"@type":"ListItem","position":2,"name":"Sklep","item":"https:\/\/clesheo.pl\/sklep\/"},{"@type":"ListItem","position":3,"name":"Album dziecka &#8211; Biel i szaro\u015b\u0107"}]},{"@type":"WebSite","@id":"https:\/\/clesheo.pl\/#website","url":"https:\/\/clesheo.pl\/","name":"Clesheo","description":"","potentialAction":[{"@type":"SearchAction","target":{"@type":"EntryPoint","urlTemplate":"https:\/\/clesheo.pl\/?s={search_term_string}"},"query-input":{"@type":"PropertyValueSpecification","valueRequired":true,"valueName":"search_term_string"}}],"inLanguage":"en-US"}]}},"_links":{"self":[{"href":"https:\/\/clesheo.pl\/en\/wp-json\/wp\/v2\/product\/6604","targetHints":{"allow":["GET"]}}],"collection":[{"href":"https:\/\/clesheo.pl\/en\/wp-json\/wp\/v2\/product"}],"about":[{"href":"https:\/\/clesheo.pl\/en\/wp-json\/wp\/v2\/types\/product"}],"replies":[{"embeddable":true,"href":"https:\/\/clesheo.pl\/en\/wp-json\/wp\/v2\/comments?post=6604"}],"wp:featuredmedia":[{"embeddable":true,"href":"https:\/\/clesheo.pl\/en\/wp-json\/wp\/v2\/media\/13239"}],"wp:attachment":[{"href":"https:\/\/clesheo.pl\/en\/wp-json\/wp\/v2\/media?parent=6604"}],"wp:term":[{"taxonomy":"product_brand","embeddable":true,"href":"https:\/\/clesheo.pl\/en\/wp-json\/wp\/v2\/product_brand?post=6604"},{"taxonomy":"product_cat","embeddable":true,"href":"https:\/\/clesheo.pl\/en\/wp-json\/wp\/v2\/product_cat?post=6604"},{"taxonomy":"product_tag","embeddable":true,"href":"https:\/\/clesheo.pl\/en\/wp-json\/wp\/v2\/product_tag?post=6604"}],"curies":[{"name":"wp","href":"https:\/\/api.w.org\/{rel}","templated":true}]}}